{"id":3277,"date":"2025-04-25T14:48:25","date_gmt":"2025-04-25T14:48:25","guid":{"rendered":"https:\/\/www.destrezasyvidaenelmedionatural.es\/?post_type=podcast&#038;p=3277"},"modified":"2025-06-02T15:53:11","modified_gmt":"2025-06-02T15:53:11","slug":"podcast-el-protector-solar-ancestral-que-salvo-a-la-humanidad","status":"publish","type":"podcast","link":"https:\/\/www.destrezasyvidaenelmedionatural.es\/index.php\/podcast\/podcast-el-protector-solar-ancestral-que-salvo-a-la-humanidad\/","title":{"rendered":"Podcast: \u00a1El SECRETO ANCESTRAL para SOBREVIVIR a la RADIACI\u00d3N HACE 40.000 A\u00d1OS! (No es lo que piensas)"},"content":{"rendered":"\n<p>\u00bfSab\u00edas que hace 40.000 a\u00f1os el campo magn\u00e9tico de la Tierra casi desapareci\u00f3? \u00a1Mucha m\u00e1s radiaci\u00f3n! \u2600\ufe0f Pero el Homo Sapiens sobrevivi\u00f3&#8230; \u00bfSu secreto? \u00a1Un protector solar de OCRE y ropa a medida! \ud83e\udd2f <\/p>\n\n\n\n<figure class=\"wp-block-embed is-type-video is-provider-youtube wp-block-embed-youtube wp-embed-aspect-16-9 wp-has-aspect-ratio\"><div class=\"wp-block-embed__wrapper\">\n<div class=\"ast-oembed-container\"><iframe title=\"\ud83d\ude31 \u00a1El SECRETO ANCESTRAL para SOBREVIVIR a la RADIACI\u00d3N HACE 40.000 A\u00d1OS! (No es lo que piensas) \ud83e\udd2b\" width=\"500\" height=\"281\" src=\"https:\/\/www.youtube.com\/embed\/exieQkP0Fss?feature=oembed&#038;enablejsapi=1&#038;origin=https:\/\/www.destrezasyvidaenelmedionatural.es\" frameborder=\"0\" allow=\"accelerometer; autoplay; clipboard-write; encrypted-media; gyroscope; picture-in-picture; web-share\" referrerpolicy=\"strict-origin-when-cross-origin\" allowfullscreen><\/iframe><\/div>\n<\/div><\/figure>\n\n\n\n<p>Los dos fuentes analizadas, un art\u00edculo divulgativo y un estudio cient\u00edfico publicado en Science Advances, exploran las profundas implicaciones de la \u00abexcursi\u00f3n de Laschamp\u00bb, un evento que ocurri\u00f3 hace aproximadamente 41.000 a\u00f1os y que implic\u00f3 un debilitamiento cr\u00edtico del campo magn\u00e9tico de la Tierra. El estudio cient\u00edfico, mediante simulaciones num\u00e9ricas avanzadas, revela los cambios dr\u00e1sticos en la magnetosfera y la zona auroral, incluyendo una expansi\u00f3n significativa y el desplazamiento de las auroras hacia latitudes m\u00e1s bajas. El art\u00edculo divulgativo, bas\u00e1ndose en este estudio, destaca la hip\u00f3tesis de que la supervivencia y expansi\u00f3n del Homo Sapiens durante este per\u00edodo de mayor radiaci\u00f3n ultravioleta se debi\u00f3, en parte, a la adaptaci\u00f3n conductual, incluyendo el uso de ocre como protector solar y la fabricaci\u00f3n de ropa a medida. Ambas fuentes sugieren que este evento pudo haber desempe\u00f1ado un papel en la desaparici\u00f3n de los Neandertales, menos adaptados a estas condiciones cambiantes.<\/p>\n\n\n\n<p><strong>Preguntas Abiertas:<\/strong><\/p>\n\n\n\n<ul class=\"wp-block-list\">\n<li>\u00bfQu\u00e9 tan directos fueron los efectos de la radiaci\u00f3n aumentada en la salud y la supervivencia de los Neandertales y el Homo Sapiens?<\/li>\n\n\n\n<li>\u00bfSe puede cuantificar con mayor precisi\u00f3n el impacto del ocre y la ropa a medida en la protecci\u00f3n contra la radiaci\u00f3n UV durante este per\u00edodo?<\/li>\n\n\n\n<li>\u00bfExiste una correlaci\u00f3n directa entre las manifestaciones culturales (arte, m\u00fasica, etc.) y los cambios en la visibilidad auroral o la radiaci\u00f3n?<\/li>\n\n\n\n<li>\u00bfQu\u00e9 otras estrategias de adaptaci\u00f3n pudieron haber empleado las poblaciones humanas y Neandertales durante la excursi\u00f3n de Laschamp?<\/li>\n\n\n\n<li>\u00bfC\u00f3mo podr\u00edan los modelos futuros refinar las estimaciones de la dosis de radiaci\u00f3n en la superficie terrestre durante la excursi\u00f3n?<\/li>\n<\/ul>\n\n\n\n<p><strong>Fuentes Consultadas:<\/strong><\/p>\n\n\n\n<ol class=\"wp-block-list\">\n<li><strong>Texto pegado:<\/strong> \u00abSale a la luz el protector solar ancestral que permiti\u00f3 la supervivencia de la humanidad hace 40.000 a\u00f1os\u00bb<\/li>\n\n\n\n<li><strong>Science Advances:<\/strong> \u00abWandering of the auroral oval 41,000 years ago\u00bb (Agnit Mukhopadhyay, Sanja Panovska, et al.)<\/li>\n<\/ol>\n\n\n\n<p>Presentado por: Voz IA. <\/p>\n\n\n\n<p>Editado: Jorge M. Dir. Destrezas y Vida en el Medio Natural y CO-Ceo FerreHogar.es <\/p>\n\n\n\n<p>Pa\u00eds: Espa\u00f1a <\/p>\n\n\n\n<p>Duraci\u00f3n aproximada: emisiones de 20&#8242; los s\u00e1bados <\/p>\n\n\n\n<p>Frecuencia: Semanal Radio: Youtube.<\/p>\n","protected":false},"excerpt":{"rendered":"<p>\u00bfSab\u00edas que hace 40.000 a\u00f1os el campo magn\u00e9tico de la Tierra casi desapareci\u00f3? \u00a1Mucha m\u00e1s radiaci\u00f3n! \u2600\ufe0f Pero el Homo Sapiens sobrevivi\u00f3&#8230; \u00bfSu secreto? \u00a1Un protector solar de OCRE y ropa a medida! \ud83e\udd2f Los dos fuentes analizadas, un art\u00edculo divulgativo y un estudio cient\u00edfico publicado en Science Advances, exploran las profundas implicaciones de la &hellip;<\/p>\n<p class=\"read-more\"> <a class=\"\" href=\"https:\/\/www.destrezasyvidaenelmedionatural.es\/index.php\/podcast\/podcast-el-protector-solar-ancestral-que-salvo-a-la-humanidad\/\"> <span class=\"screen-reader-text\">Podcast: \u00a1El SECRETO ANCESTRAL para SOBREVIVIR a la RADIACI\u00d3N HACE 40.000 A\u00d1OS! (No es lo que piensas)<\/span> Leer m\u00e1s &raquo;<\/a><\/p>\n","protected":false},"author":1,"featured_media":0,"menu_order":0,"comment_status":"open","ping_status":"closed","template":"","meta":{"episode_type":"audio","audio_file":"","cover_image":"","cover_image_id":"","duration":"","filesize":"","date_recorded":"","explicit":"","block":"","filesize_raw":""},"tags":[],"series":[87],"class_list":["post-3277","podcast","type-podcast","status-publish","hentry","series-poscast"],"episode_featured_image":false,"episode_player_image":"https:\/\/www.destrezasyvidaenelmedionatural.es\/wp-content\/plugins\/seriously-simple-podcasting\/assets\/images\/no-album-art.png","download_link":"","player_link":"","audio_player":false,"episode_data":{"playerMode":"dark","subscribeUrls":{"apple_podcasts":{"key":"apple_podcasts","url":"","label":"Apple Podcasts","class":"apple_podcasts","icon":"apple-podcasts.png"},"stitcher":{"key":"stitcher","url":"","label":"Stitcher","class":"stitcher","icon":"stitcher.png"},"google_podcasts":{"key":"google_podcasts","url":"","label":"Google Podcasts","class":"google_podcasts","icon":"google-podcasts.png"},"spotify":{"key":"spotify","url":"","label":"Spotify","class":"spotify","icon":"spotify.png"}},"rssFeedUrl":"https:\/\/www.destrezasyvidaenelmedionatural.es\/feed\/podcast\/poscast","embedCode":"<blockquote class=\"wp-embedded-content\" data-secret=\"82bvw60aSN\"><a href=\"https:\/\/www.destrezasyvidaenelmedionatural.es\/index.php\/podcast\/podcast-el-protector-solar-ancestral-que-salvo-a-la-humanidad\/\">Podcast: \u00a1El SECRETO ANCESTRAL para SOBREVIVIR a la RADIACI\u00d3N HACE 40.000 A\u00d1OS! (No es lo que piensas)<\/a><\/blockquote><iframe sandbox=\"allow-scripts\" security=\"restricted\" src=\"https:\/\/www.destrezasyvidaenelmedionatural.es\/index.php\/podcast\/podcast-el-protector-solar-ancestral-que-salvo-a-la-humanidad\/embed\/#?secret=82bvw60aSN\" width=\"500\" height=\"350\" title=\"\u00abPodcast: \u00a1El SECRETO ANCESTRAL para SOBREVIVIR a la RADIACI\u00d3N HACE 40.000 A\u00d1OS! (No es lo que piensas)\u00bb \u2014 Destrezas y Vida en  el Medio Natural\" data-secret=\"82bvw60aSN\" frameborder=\"0\" marginwidth=\"0\" marginheight=\"0\" scrolling=\"no\" class=\"wp-embedded-content\"><\/iframe><script>\n\/*! This file is auto-generated *\/\n!function(d,l){\"use strict\";l.querySelector&&d.addEventListener&&\"undefined\"!=typeof URL&&(d.wp=d.wp||{},d.wp.receiveEmbedMessage||(d.wp.receiveEmbedMessage=function(e){var t=e.data;if((t||t.secret||t.message||t.value)&&!\/[^a-zA-Z0-9]\/.test(t.secret)){for(var s,r,n,a=l.querySelectorAll('iframe[data-secret=\"'+t.secret+'\"]'),o=l.querySelectorAll('blockquote[data-secret=\"'+t.secret+'\"]'),c=new RegExp(\"^https?:$\",\"i\"),i=0;i<o.length;i++)o[i].style.display=\"none\";for(i=0;i<a.length;i++)s=a[i],e.source===s.contentWindow&&(s.removeAttribute(\"style\"),\"height\"===t.message?(1e3<(r=parseInt(t.value,10))?r=1e3:~~r<200&&(r=200),s.height=r):\"link\"===t.message&&(r=new URL(s.getAttribute(\"src\")),n=new URL(t.value),c.test(n.protocol))&&n.host===r.host&&l.activeElement===s&&(d.top.location.href=t.value))}},d.addEventListener(\"message\",d.wp.receiveEmbedMessage,!1),l.addEventListener(\"DOMContentLoaded\",function(){for(var e,t,s=l.querySelectorAll(\"iframe.wp-embedded-content\"),r=0;r<s.length;r++)(t=(e=s[r]).getAttribute(\"data-secret\"))||(t=Math.random().toString(36).substring(2,12),e.src+=\"#?secret=\"+t,e.setAttribute(\"data-secret\",t)),e.contentWindow.postMessage({message:\"ready\",secret:t},\"*\")},!1)))}(window,document);\n\/\/# sourceURL=https:\/\/www.destrezasyvidaenelmedionatural.es\/wp-includes\/js\/wp-embed.min.js\n<\/script>\n"},"yoast_head":"<!-- This site is optimized with the Yoast SEO plugin v23.8 - https:\/\/yoast.com\/wordpress\/plugins\/seo\/ -->\n<title>Podcast: \u00a1El SECRETO ANCESTRAL para SOBREVIVIR a la RADIACI\u00d3N HACE 40.000 A\u00d1OS! (No es lo que piensas) - Destrezas y Vida en el Medio Natural<\/title>\n<meta name=\"description\" content=\"Un estudio revela que el uso de ocre, un pigmento natural, como protector solar pudo ser vital para el Homo Sapiens durante la excursi\u00f3n de Laschamp, un periodo con campo magn\u00e9tico terrestre d\u00e9bil y alta radiaci\u00f3n UV. Esta adaptaci\u00f3n ingeniosa es clave para entender su supervivencia y expansi\u00f3n.\" \/>\n<meta name=\"robots\" content=\"index, follow, max-snippet:-1, max-image-preview:large, max-video-preview:-1\" \/>\n<link rel=\"canonical\" href=\"https:\/\/www.destrezasyvidaenelmedionatural.es\/index.php\/podcast\/podcast-el-protector-solar-ancestral-que-salvo-a-la-humanidad\/\" \/>\n<meta property=\"og:locale\" content=\"es_ES\" \/>\n<meta property=\"og:type\" content=\"article\" \/>\n<meta property=\"og:title\" content=\"Podcast: \u00a1El SECRETO ANCESTRAL para SOBREVIVIR a la RADIACI\u00d3N HACE 40.000 A\u00d1OS! (No es lo que piensas) - Destrezas y Vida en el Medio Natural\" \/>\n<meta property=\"og:description\" content=\"Un estudio revela que el uso de ocre, un pigmento natural, como protector solar pudo ser vital para el Homo Sapiens durante la excursi\u00f3n de Laschamp, un periodo con campo magn\u00e9tico terrestre d\u00e9bil y alta radiaci\u00f3n UV. Esta adaptaci\u00f3n ingeniosa es clave para entender su supervivencia y expansi\u00f3n.\" \/>\n<meta property=\"og:url\" content=\"https:\/\/www.destrezasyvidaenelmedionatural.es\/index.php\/podcast\/podcast-el-protector-solar-ancestral-que-salvo-a-la-humanidad\/\" \/>\n<meta property=\"og:site_name\" content=\"Destrezas y Vida en el Medio Natural\" \/>\n<meta property=\"article:publisher\" content=\"https:\/\/www.facebook.com\/Destrezas.y.Vida.en.el.Medio.Natural\" \/>\n<meta property=\"article:modified_time\" content=\"2025-06-02T15:53:11+00:00\" \/>\n<meta property=\"og:image\" content=\"https:\/\/www.destrezasyvidaenelmedionatural.es\/wp-content\/uploads\/2021\/08\/cropped-SIN-FONDO-PRUEBA1.png\" \/>\n\t<meta property=\"og:image:width\" content=\"351\" \/>\n\t<meta property=\"og:image:height\" content=\"349\" \/>\n\t<meta property=\"og:image:type\" content=\"image\/png\" \/>\n<meta name=\"twitter:card\" content=\"summary_large_image\" \/>\n<meta name=\"twitter:site\" content=\"@DestrezasyVida\" \/>\n<meta name=\"twitter:label1\" content=\"Tiempo de lectura\" \/>\n\t<meta name=\"twitter:data1\" content=\"2 minutos\" \/>\n<script type=\"application\/ld+json\" class=\"yoast-schema-graph\">{\"@context\":\"https:\/\/schema.org\",\"@graph\":[{\"@type\":\"Article\",\"@id\":\"https:\/\/www.destrezasyvidaenelmedionatural.es\/index.php\/podcast\/podcast-el-protector-solar-ancestral-que-salvo-a-la-humanidad\/#article\",\"isPartOf\":{\"@id\":\"https:\/\/www.destrezasyvidaenelmedionatural.es\/index.php\/podcast\/podcast-el-protector-solar-ancestral-que-salvo-a-la-humanidad\/\"},\"author\":{\"name\":\"admin\",\"@id\":\"https:\/\/www.destrezasyvidaenelmedionatural.es\/#\/schema\/person\/05ac69635d864d75006df0853eb7afd3\"},\"headline\":\"Podcast: \u00a1El SECRETO ANCESTRAL para SOBREVIVIR a la RADIACI\u00d3N HACE 40.000 A\u00d1OS! (No es lo que piensas)\",\"datePublished\":\"2025-04-25T14:48:25+00:00\",\"dateModified\":\"2025-06-02T15:53:11+00:00\",\"mainEntityOfPage\":{\"@id\":\"https:\/\/www.destrezasyvidaenelmedionatural.es\/index.php\/podcast\/podcast-el-protector-solar-ancestral-que-salvo-a-la-humanidad\/\"},\"wordCount\":422,\"commentCount\":0,\"publisher\":{\"@id\":\"https:\/\/www.destrezasyvidaenelmedionatural.es\/#\/schema\/person\/05ac69635d864d75006df0853eb7afd3\"},\"inLanguage\":\"es\",\"potentialAction\":[{\"@type\":\"CommentAction\",\"name\":\"Comment\",\"target\":[\"https:\/\/www.destrezasyvidaenelmedionatural.es\/index.php\/podcast\/podcast-el-protector-solar-ancestral-que-salvo-a-la-humanidad\/#respond\"]}]},{\"@type\":\"WebPage\",\"@id\":\"https:\/\/www.destrezasyvidaenelmedionatural.es\/index.php\/podcast\/podcast-el-protector-solar-ancestral-que-salvo-a-la-humanidad\/\",\"url\":\"https:\/\/www.destrezasyvidaenelmedionatural.es\/index.php\/podcast\/podcast-el-protector-solar-ancestral-que-salvo-a-la-humanidad\/\",\"name\":\"Podcast: \u00a1El SECRETO ANCESTRAL para SOBREVIVIR a la RADIACI\u00d3N HACE 40.000 A\u00d1OS! (No es lo que piensas) - Destrezas y Vida en el Medio Natural\",\"isPartOf\":{\"@id\":\"https:\/\/www.destrezasyvidaenelmedionatural.es\/#website\"},\"datePublished\":\"2025-04-25T14:48:25+00:00\",\"dateModified\":\"2025-06-02T15:53:11+00:00\",\"description\":\"Un estudio revela que el uso de ocre, un pigmento natural, como protector solar pudo ser vital para el Homo Sapiens durante la excursi\u00f3n de Laschamp, un periodo con campo magn\u00e9tico terrestre d\u00e9bil y alta radiaci\u00f3n UV. Esta adaptaci\u00f3n ingeniosa es clave para entender su supervivencia y expansi\u00f3n.\",\"breadcrumb\":{\"@id\":\"https:\/\/www.destrezasyvidaenelmedionatural.es\/index.php\/podcast\/podcast-el-protector-solar-ancestral-que-salvo-a-la-humanidad\/#breadcrumb\"},\"inLanguage\":\"es\",\"potentialAction\":[{\"@type\":\"ReadAction\",\"target\":[\"https:\/\/www.destrezasyvidaenelmedionatural.es\/index.php\/podcast\/podcast-el-protector-solar-ancestral-que-salvo-a-la-humanidad\/\"]}]},{\"@type\":\"BreadcrumbList\",\"@id\":\"https:\/\/www.destrezasyvidaenelmedionatural.es\/index.php\/podcast\/podcast-el-protector-solar-ancestral-que-salvo-a-la-humanidad\/#breadcrumb\",\"itemListElement\":[{\"@type\":\"ListItem\",\"position\":1,\"name\":\"Portada\",\"item\":\"https:\/\/www.destrezasyvidaenelmedionatural.es\/\"},{\"@type\":\"ListItem\",\"position\":2,\"name\":\"Episode\",\"item\":\"https:\/\/www.destrezasyvidaenelmedionatural.es\/index.php\/podcast\/\"},{\"@type\":\"ListItem\",\"position\":3,\"name\":\"Podcast: \u00a1El SECRETO ANCESTRAL para SOBREVIVIR a la RADIACI\u00d3N HACE 40.000 A\u00d1OS! (No es lo que piensas)\"}]},{\"@type\":\"WebSite\",\"@id\":\"https:\/\/www.destrezasyvidaenelmedionatural.es\/#website\",\"url\":\"https:\/\/www.destrezasyvidaenelmedionatural.es\/\",\"name\":\"Destrezas y Vida en el Medio Natural\",\"description\":\"El sitio web Destrezas y Vida en el Medio Natural es un recurso excelente para cualquiera que quiera aprender sobre la naturaleza y c\u00f3mo interactuar con ella de manera segura y respetuosa.\",\"publisher\":{\"@id\":\"https:\/\/www.destrezasyvidaenelmedionatural.es\/#\/schema\/person\/05ac69635d864d75006df0853eb7afd3\"},\"potentialAction\":[{\"@type\":\"SearchAction\",\"target\":{\"@type\":\"EntryPoint\",\"urlTemplate\":\"https:\/\/www.destrezasyvidaenelmedionatural.es\/?s={search_term_string}\"},\"query-input\":{\"@type\":\"PropertyValueSpecification\",\"valueRequired\":true,\"valueName\":\"search_term_string\"}}],\"inLanguage\":\"es\"},{\"@type\":[\"Person\",\"Organization\"],\"@id\":\"https:\/\/www.destrezasyvidaenelmedionatural.es\/#\/schema\/person\/05ac69635d864d75006df0853eb7afd3\",\"name\":\"admin\",\"image\":{\"@type\":\"ImageObject\",\"inLanguage\":\"es\",\"@id\":\"https:\/\/www.destrezasyvidaenelmedionatural.es\/#\/schema\/person\/image\/\",\"url\":\"https:\/\/www.destrezasyvidaenelmedionatural.es\/wp-content\/uploads\/2021\/08\/cropped-SIN-FONDO-PRUEBA1.png\",\"contentUrl\":\"https:\/\/www.destrezasyvidaenelmedionatural.es\/wp-content\/uploads\/2021\/08\/cropped-SIN-FONDO-PRUEBA1.png\",\"width\":351,\"height\":349,\"caption\":\"admin\"},\"logo\":{\"@id\":\"https:\/\/www.destrezasyvidaenelmedionatural.es\/#\/schema\/person\/image\/\"},\"sameAs\":[\"http:\/\/www.destrezasyvidaenelmedionatural.es\",\"https:\/\/www.facebook.com\/Destrezas.y.Vida.en.el.Medio.Natural\",\"https:\/\/www.instagram.com\/destrezasyvidamn\/\"],\"url\":\"https:\/\/www.destrezasyvidaenelmedionatural.es\/index.php\/author\/admin\/\"}]}<\/script>\n<!-- \/ Yoast SEO plugin. -->","yoast_head_json":{"title":"Podcast: \u00a1El SECRETO ANCESTRAL para SOBREVIVIR a la RADIACI\u00d3N HACE 40.000 A\u00d1OS! (No es lo que piensas) - Destrezas y Vida en el Medio Natural","description":"Un estudio revela que el uso de ocre, un pigmento natural, como protector solar pudo ser vital para el Homo Sapiens durante la excursi\u00f3n de Laschamp, un periodo con campo magn\u00e9tico terrestre d\u00e9bil y alta radiaci\u00f3n UV. Esta adaptaci\u00f3n ingeniosa es clave para entender su supervivencia y expansi\u00f3n.","robots":{"index":"index","follow":"follow","max-snippet":"max-snippet:-1","max-image-preview":"max-image-preview:large","max-video-preview":"max-video-preview:-1"},"canonical":"https:\/\/www.destrezasyvidaenelmedionatural.es\/index.php\/podcast\/podcast-el-protector-solar-ancestral-que-salvo-a-la-humanidad\/","og_locale":"es_ES","og_type":"article","og_title":"Podcast: \u00a1El SECRETO ANCESTRAL para SOBREVIVIR a la RADIACI\u00d3N HACE 40.000 A\u00d1OS! (No es lo que piensas) - Destrezas y Vida en el Medio Natural","og_description":"Un estudio revela que el uso de ocre, un pigmento natural, como protector solar pudo ser vital para el Homo Sapiens durante la excursi\u00f3n de Laschamp, un periodo con campo magn\u00e9tico terrestre d\u00e9bil y alta radiaci\u00f3n UV. Esta adaptaci\u00f3n ingeniosa es clave para entender su supervivencia y expansi\u00f3n.","og_url":"https:\/\/www.destrezasyvidaenelmedionatural.es\/index.php\/podcast\/podcast-el-protector-solar-ancestral-que-salvo-a-la-humanidad\/","og_site_name":"Destrezas y Vida en el Medio Natural","article_publisher":"https:\/\/www.facebook.com\/Destrezas.y.Vida.en.el.Medio.Natural","article_modified_time":"2025-06-02T15:53:11+00:00","og_image":[{"width":351,"height":349,"url":"https:\/\/www.destrezasyvidaenelmedionatural.es\/wp-content\/uploads\/2021\/08\/cropped-SIN-FONDO-PRUEBA1.png","type":"image\/png"}],"twitter_card":"summary_large_image","twitter_site":"@DestrezasyVida","twitter_misc":{"Tiempo de lectura":"2 minutos"},"schema":{"@context":"https:\/\/schema.org","@graph":[{"@type":"Article","@id":"https:\/\/www.destrezasyvidaenelmedionatural.es\/index.php\/podcast\/podcast-el-protector-solar-ancestral-que-salvo-a-la-humanidad\/#article","isPartOf":{"@id":"https:\/\/www.destrezasyvidaenelmedionatural.es\/index.php\/podcast\/podcast-el-protector-solar-ancestral-que-salvo-a-la-humanidad\/"},"author":{"name":"admin","@id":"https:\/\/www.destrezasyvidaenelmedionatural.es\/#\/schema\/person\/05ac69635d864d75006df0853eb7afd3"},"headline":"Podcast: \u00a1El SECRETO ANCESTRAL para SOBREVIVIR a la RADIACI\u00d3N HACE 40.000 A\u00d1OS! (No es lo que piensas)","datePublished":"2025-04-25T14:48:25+00:00","dateModified":"2025-06-02T15:53:11+00:00","mainEntityOfPage":{"@id":"https:\/\/www.destrezasyvidaenelmedionatural.es\/index.php\/podcast\/podcast-el-protector-solar-ancestral-que-salvo-a-la-humanidad\/"},"wordCount":422,"commentCount":0,"publisher":{"@id":"https:\/\/www.destrezasyvidaenelmedionatural.es\/#\/schema\/person\/05ac69635d864d75006df0853eb7afd3"},"inLanguage":"es","potentialAction":[{"@type":"CommentAction","name":"Comment","target":["https:\/\/www.destrezasyvidaenelmedionatural.es\/index.php\/podcast\/podcast-el-protector-solar-ancestral-que-salvo-a-la-humanidad\/#respond"]}]},{"@type":"WebPage","@id":"https:\/\/www.destrezasyvidaenelmedionatural.es\/index.php\/podcast\/podcast-el-protector-solar-ancestral-que-salvo-a-la-humanidad\/","url":"https:\/\/www.destrezasyvidaenelmedionatural.es\/index.php\/podcast\/podcast-el-protector-solar-ancestral-que-salvo-a-la-humanidad\/","name":"Podcast: \u00a1El SECRETO ANCESTRAL para SOBREVIVIR a la RADIACI\u00d3N HACE 40.000 A\u00d1OS! (No es lo que piensas) - Destrezas y Vida en el Medio Natural","isPartOf":{"@id":"https:\/\/www.destrezasyvidaenelmedionatural.es\/#website"},"datePublished":"2025-04-25T14:48:25+00:00","dateModified":"2025-06-02T15:53:11+00:00","description":"Un estudio revela que el uso de ocre, un pigmento natural, como protector solar pudo ser vital para el Homo Sapiens durante la excursi\u00f3n de Laschamp, un periodo con campo magn\u00e9tico terrestre d\u00e9bil y alta radiaci\u00f3n UV. Esta adaptaci\u00f3n ingeniosa es clave para entender su supervivencia y expansi\u00f3n.","breadcrumb":{"@id":"https:\/\/www.destrezasyvidaenelmedionatural.es\/index.php\/podcast\/podcast-el-protector-solar-ancestral-que-salvo-a-la-humanidad\/#breadcrumb"},"inLanguage":"es","potentialAction":[{"@type":"ReadAction","target":["https:\/\/www.destrezasyvidaenelmedionatural.es\/index.php\/podcast\/podcast-el-protector-solar-ancestral-que-salvo-a-la-humanidad\/"]}]},{"@type":"BreadcrumbList","@id":"https:\/\/www.destrezasyvidaenelmedionatural.es\/index.php\/podcast\/podcast-el-protector-solar-ancestral-que-salvo-a-la-humanidad\/#breadcrumb","itemListElement":[{"@type":"ListItem","position":1,"name":"Portada","item":"https:\/\/www.destrezasyvidaenelmedionatural.es\/"},{"@type":"ListItem","position":2,"name":"Episode","item":"https:\/\/www.destrezasyvidaenelmedionatural.es\/index.php\/podcast\/"},{"@type":"ListItem","position":3,"name":"Podcast: \u00a1El SECRETO ANCESTRAL para SOBREVIVIR a la RADIACI\u00d3N HACE 40.000 A\u00d1OS! (No es lo que piensas)"}]},{"@type":"WebSite","@id":"https:\/\/www.destrezasyvidaenelmedionatural.es\/#website","url":"https:\/\/www.destrezasyvidaenelmedionatural.es\/","name":"Destrezas y Vida en el Medio Natural","description":"El sitio web Destrezas y Vida en el Medio Natural es un recurso excelente para cualquiera que quiera aprender sobre la naturaleza y c\u00f3mo interactuar con ella de manera segura y respetuosa.","publisher":{"@id":"https:\/\/www.destrezasyvidaenelmedionatural.es\/#\/schema\/person\/05ac69635d864d75006df0853eb7afd3"},"potentialAction":[{"@type":"SearchAction","target":{"@type":"EntryPoint","urlTemplate":"https:\/\/www.destrezasyvidaenelmedionatural.es\/?s={search_term_string}"},"query-input":{"@type":"PropertyValueSpecification","valueRequired":true,"valueName":"search_term_string"}}],"inLanguage":"es"},{"@type":["Person","Organization"],"@id":"https:\/\/www.destrezasyvidaenelmedionatural.es\/#\/schema\/person\/05ac69635d864d75006df0853eb7afd3","name":"admin","image":{"@type":"ImageObject","inLanguage":"es","@id":"https:\/\/www.destrezasyvidaenelmedionatural.es\/#\/schema\/person\/image\/","url":"https:\/\/www.destrezasyvidaenelmedionatural.es\/wp-content\/uploads\/2021\/08\/cropped-SIN-FONDO-PRUEBA1.png","contentUrl":"https:\/\/www.destrezasyvidaenelmedionatural.es\/wp-content\/uploads\/2021\/08\/cropped-SIN-FONDO-PRUEBA1.png","width":351,"height":349,"caption":"admin"},"logo":{"@id":"https:\/\/www.destrezasyvidaenelmedionatural.es\/#\/schema\/person\/image\/"},"sameAs":["http:\/\/www.destrezasyvidaenelmedionatural.es","https:\/\/www.facebook.com\/Destrezas.y.Vida.en.el.Medio.Natural","https:\/\/www.instagram.com\/destrezasyvidamn\/"],"url":"https:\/\/www.destrezasyvidaenelmedionatural.es\/index.php\/author\/admin\/"}]}},"_links":{"self":[{"href":"https:\/\/www.destrezasyvidaenelmedionatural.es\/index.php\/wp-json\/wp\/v2\/podcast\/3277","targetHints":{"allow":["GET"]}}],"collection":[{"href":"https:\/\/www.destrezasyvidaenelmedionatural.es\/index.php\/wp-json\/wp\/v2\/podcast"}],"about":[{"href":"https:\/\/www.destrezasyvidaenelmedionatural.es\/index.php\/wp-json\/wp\/v2\/types\/podcast"}],"author":[{"embeddable":true,"href":"https:\/\/www.destrezasyvidaenelmedionatural.es\/index.php\/wp-json\/wp\/v2\/users\/1"}],"replies":[{"embeddable":true,"href":"https:\/\/www.destrezasyvidaenelmedionatural.es\/index.php\/wp-json\/wp\/v2\/comments?post=3277"}],"wp:attachment":[{"href":"https:\/\/www.destrezasyvidaenelmedionatural.es\/index.php\/wp-json\/wp\/v2\/media?parent=3277"}],"wp:term":[{"taxonomy":"post_tag","embeddable":true,"href":"https:\/\/www.destrezasyvidaenelmedionatural.es\/index.php\/wp-json\/wp\/v2\/tags?post=3277"},{"taxonomy":"series","embeddable":true,"href":"https:\/\/www.destrezasyvidaenelmedionatural.es\/index.php\/wp-json\/wp\/v2\/series?post=3277"}],"curies":[{"name":"wp","href":"https:\/\/api.w.org\/{rel}","templated":true}]}}