{"id":3520,"date":"2025-06-02T15:45:22","date_gmt":"2025-06-02T15:45:22","guid":{"rendered":"https:\/\/www.destrezasyvidaenelmedionatural.es\/?post_type=podcast&#038;p=3520"},"modified":"2025-06-02T15:53:23","modified_gmt":"2025-06-02T15:53:23","slug":"el-kit-de-72-horas-estilo-bruselas-tu-clave-para-la-autosuficiencia-en-emergencias","status":"publish","type":"podcast","link":"https:\/\/www.destrezasyvidaenelmedionatural.es\/index.php\/podcast\/el-kit-de-72-horas-estilo-bruselas-tu-clave-para-la-autosuficiencia-en-emergencias\/","title":{"rendered":"Podcast: El Kit de 72 Horas Estilo Bruselas: Tu Clave para la Autosuficiencia en Emergencias"},"content":{"rendered":"\n<p>En un mundo donde la preparaci\u00f3n es clave, \u00abDestrezas y Vida en el Medio Natural\u00bb te trae una gu\u00eda esencial para la autosuficiencia en emergencias. Este programa explora a fondo el concepto del \u00abKit de 72 Horas\u00bb, tu salvavidas personal y familiar para los primeros tres d\u00edas cr\u00edticos de cualquier crisis.<\/p>\n\n\n\n<iframe src=\"https:\/\/www.ivoox.com\/player_ej_148803277_6_1.html?c1=84c33d\" width=\"100%\" height=\"200\" frameborder=\"0\" allowfullscreen=\"\" scrolling=\"no\" loading=\"lazy\"><\/iframe>\n\n","protected":false},"excerpt":{"rendered":"<p>En un mundo donde la preparaci\u00f3n es clave, \u00abDestrezas y Vida en el Medio Natural\u00bb te trae una gu\u00eda esencial para la autosuficiencia en emergencias. Este programa explora a fondo el concepto del \u00abKit de 72 Horas\u00bb, tu salvavidas personal y familiar para los primeros tres d\u00edas cr\u00edticos de cualquier crisis.<\/p>\n","protected":false},"author":1,"featured_media":3521,"menu_order":0,"comment_status":"open","ping_status":"closed","template":"","meta":{"episode_type":"audio","audio_file":"","cover_image":"","cover_image_id":"","duration":"","filesize":"","date_recorded":"","explicit":"","block":"","filesize_raw":""},"tags":[],"series":[87],"class_list":["post-3520","podcast","type-podcast","status-publish","has-post-thumbnail","hentry","series-poscast"],"episode_featured_image":"https:\/\/www.destrezasyvidaenelmedionatural.es\/wp-content\/uploads\/2025\/06\/Gemini_Generated_Image_ixobh6ixobh6ixob.jpg","episode_player_image":"https:\/\/www.destrezasyvidaenelmedionatural.es\/wp-content\/plugins\/seriously-simple-podcasting\/assets\/images\/no-album-art.png","download_link":"","player_link":"","audio_player":false,"episode_data":{"playerMode":"dark","subscribeUrls":{"apple_podcasts":{"key":"apple_podcasts","url":"","label":"Apple Podcasts","class":"apple_podcasts","icon":"apple-podcasts.png"},"stitcher":{"key":"stitcher","url":"","label":"Stitcher","class":"stitcher","icon":"stitcher.png"},"google_podcasts":{"key":"google_podcasts","url":"","label":"Google Podcasts","class":"google_podcasts","icon":"google-podcasts.png"},"spotify":{"key":"spotify","url":"","label":"Spotify","class":"spotify","icon":"spotify.png"}},"rssFeedUrl":"https:\/\/www.destrezasyvidaenelmedionatural.es\/feed\/podcast\/poscast","embedCode":"<blockquote class=\"wp-embedded-content\" data-secret=\"SJ6TKnTNcK\"><a href=\"https:\/\/www.destrezasyvidaenelmedionatural.es\/index.php\/podcast\/el-kit-de-72-horas-estilo-bruselas-tu-clave-para-la-autosuficiencia-en-emergencias\/\">Podcast: El Kit de 72 Horas Estilo Bruselas: Tu Clave para la Autosuficiencia en Emergencias<\/a><\/blockquote><iframe sandbox=\"allow-scripts\" security=\"restricted\" src=\"https:\/\/www.destrezasyvidaenelmedionatural.es\/index.php\/podcast\/el-kit-de-72-horas-estilo-bruselas-tu-clave-para-la-autosuficiencia-en-emergencias\/embed\/#?secret=SJ6TKnTNcK\" width=\"500\" height=\"350\" title=\"\u00abPodcast: El Kit de 72 Horas Estilo Bruselas: Tu Clave para la Autosuficiencia en Emergencias\u00bb \u2014 Destrezas y Vida en  el Medio Natural\" data-secret=\"SJ6TKnTNcK\" frameborder=\"0\" marginwidth=\"0\" marginheight=\"0\" scrolling=\"no\" class=\"wp-embedded-content\"><\/iframe><script>\n\/*! This file is auto-generated *\/\n!function(d,l){\"use strict\";l.querySelector&&d.addEventListener&&\"undefined\"!=typeof URL&&(d.wp=d.wp||{},d.wp.receiveEmbedMessage||(d.wp.receiveEmbedMessage=function(e){var t=e.data;if((t||t.secret||t.message||t.value)&&!\/[^a-zA-Z0-9]\/.test(t.secret)){for(var s,r,n,a=l.querySelectorAll('iframe[data-secret=\"'+t.secret+'\"]'),o=l.querySelectorAll('blockquote[data-secret=\"'+t.secret+'\"]'),c=new RegExp(\"^https?:$\",\"i\"),i=0;i<o.length;i++)o[i].style.display=\"none\";for(i=0;i<a.length;i++)s=a[i],e.source===s.contentWindow&&(s.removeAttribute(\"style\"),\"height\"===t.message?(1e3<(r=parseInt(t.value,10))?r=1e3:~~r<200&&(r=200),s.height=r):\"link\"===t.message&&(r=new URL(s.getAttribute(\"src\")),n=new URL(t.value),c.test(n.protocol))&&n.host===r.host&&l.activeElement===s&&(d.top.location.href=t.value))}},d.addEventListener(\"message\",d.wp.receiveEmbedMessage,!1),l.addEventListener(\"DOMContentLoaded\",function(){for(var e,t,s=l.querySelectorAll(\"iframe.wp-embedded-content\"),r=0;r<s.length;r++)(t=(e=s[r]).getAttribute(\"data-secret\"))||(t=Math.random().toString(36).substring(2,12),e.src+=\"#?secret=\"+t,e.setAttribute(\"data-secret\",t)),e.contentWindow.postMessage({message:\"ready\",secret:t},\"*\")},!1)))}(window,document);\n\/\/# sourceURL=https:\/\/www.destrezasyvidaenelmedionatural.es\/wp-includes\/js\/wp-embed.min.js\n<\/script>\n"},"yoast_head":"<!-- This site is optimized with the Yoast SEO plugin v23.8 - https:\/\/yoast.com\/wordpress\/plugins\/seo\/ -->\n<title>Podcast: El Kit de 72 Horas Estilo Bruselas: Tu Clave para la Autosuficiencia en Emergencias - Destrezas y Vida en el Medio Natural<\/title>\n<meta name=\"description\" content=\"Descubre el Kit de 72 Horas: tu gu\u00eda esencial para la autosuficiencia en emergencias. Aprende a preparar tu salvavidas familiar para los primeros 3 d\u00edas cr\u00edticos de cualquier crisis con &#039;Destrezas y Vida en el Medio Natural&#039;.\" \/>\n<meta name=\"robots\" content=\"index, follow, max-snippet:-1, max-image-preview:large, max-video-preview:-1\" \/>\n<link rel=\"canonical\" href=\"https:\/\/www.destrezasyvidaenelmedionatural.es\/index.php\/podcast\/el-kit-de-72-horas-estilo-bruselas-tu-clave-para-la-autosuficiencia-en-emergencias\/\" \/>\n<meta property=\"og:locale\" content=\"es_ES\" \/>\n<meta property=\"og:type\" content=\"article\" \/>\n<meta property=\"og:title\" content=\"Podcast: El Kit de 72 Horas Estilo Bruselas: Tu Clave para la Autosuficiencia en Emergencias - Destrezas y Vida en el Medio Natural\" \/>\n<meta property=\"og:description\" content=\"Descubre el Kit de 72 Horas: tu gu\u00eda esencial para la autosuficiencia en emergencias. Aprende a preparar tu salvavidas familiar para los primeros 3 d\u00edas cr\u00edticos de cualquier crisis con &#039;Destrezas y Vida en el Medio Natural&#039;.\" \/>\n<meta property=\"og:url\" content=\"https:\/\/www.destrezasyvidaenelmedionatural.es\/index.php\/podcast\/el-kit-de-72-horas-estilo-bruselas-tu-clave-para-la-autosuficiencia-en-emergencias\/\" \/>\n<meta property=\"og:site_name\" content=\"Destrezas y Vida en el Medio Natural\" \/>\n<meta property=\"article:publisher\" content=\"https:\/\/www.facebook.com\/Destrezas.y.Vida.en.el.Medio.Natural\" \/>\n<meta property=\"article:modified_time\" content=\"2025-06-02T15:53:23+00:00\" \/>\n<meta property=\"og:image\" content=\"http:\/\/www.destrezasyvidaenelmedionatural.es\/wp-content\/uploads\/2025\/06\/Gemini_Generated_Image_ixobh6ixobh6ixob.jpg\" \/>\n\t<meta property=\"og:image:width\" content=\"2048\" \/>\n\t<meta property=\"og:image:height\" content=\"2048\" \/>\n\t<meta property=\"og:image:type\" content=\"image\/jpeg\" \/>\n<meta name=\"twitter:card\" content=\"summary_large_image\" \/>\n<meta name=\"twitter:site\" content=\"@DestrezasyVida\" \/>\n<meta name=\"twitter:label1\" content=\"Tiempo de lectura\" \/>\n\t<meta name=\"twitter:data1\" content=\"1 minuto\" \/>\n<script type=\"application\/ld+json\" class=\"yoast-schema-graph\">{\"@context\":\"https:\/\/schema.org\",\"@graph\":[{\"@type\":\"Article\",\"@id\":\"https:\/\/www.destrezasyvidaenelmedionatural.es\/index.php\/podcast\/el-kit-de-72-horas-estilo-bruselas-tu-clave-para-la-autosuficiencia-en-emergencias\/#article\",\"isPartOf\":{\"@id\":\"https:\/\/www.destrezasyvidaenelmedionatural.es\/index.php\/podcast\/el-kit-de-72-horas-estilo-bruselas-tu-clave-para-la-autosuficiencia-en-emergencias\/\"},\"author\":{\"name\":\"admin\",\"@id\":\"https:\/\/www.destrezasyvidaenelmedionatural.es\/#\/schema\/person\/05ac69635d864d75006df0853eb7afd3\"},\"headline\":\"Podcast: El Kit de 72 Horas Estilo Bruselas: Tu Clave para la Autosuficiencia en Emergencias\",\"datePublished\":\"2025-06-02T15:45:22+00:00\",\"dateModified\":\"2025-06-02T15:53:23+00:00\",\"mainEntityOfPage\":{\"@id\":\"https:\/\/www.destrezasyvidaenelmedionatural.es\/index.php\/podcast\/el-kit-de-72-horas-estilo-bruselas-tu-clave-para-la-autosuficiencia-en-emergencias\/\"},\"wordCount\":68,\"commentCount\":0,\"publisher\":{\"@id\":\"https:\/\/www.destrezasyvidaenelmedionatural.es\/#\/schema\/person\/05ac69635d864d75006df0853eb7afd3\"},\"image\":{\"@id\":\"https:\/\/www.destrezasyvidaenelmedionatural.es\/index.php\/podcast\/el-kit-de-72-horas-estilo-bruselas-tu-clave-para-la-autosuficiencia-en-emergencias\/#primaryimage\"},\"thumbnailUrl\":\"https:\/\/www.destrezasyvidaenelmedionatural.es\/wp-content\/uploads\/2025\/06\/Gemini_Generated_Image_ixobh6ixobh6ixob.jpg\",\"inLanguage\":\"es\",\"potentialAction\":[{\"@type\":\"CommentAction\",\"name\":\"Comment\",\"target\":[\"https:\/\/www.destrezasyvidaenelmedionatural.es\/index.php\/podcast\/el-kit-de-72-horas-estilo-bruselas-tu-clave-para-la-autosuficiencia-en-emergencias\/#respond\"]}]},{\"@type\":\"WebPage\",\"@id\":\"https:\/\/www.destrezasyvidaenelmedionatural.es\/index.php\/podcast\/el-kit-de-72-horas-estilo-bruselas-tu-clave-para-la-autosuficiencia-en-emergencias\/\",\"url\":\"https:\/\/www.destrezasyvidaenelmedionatural.es\/index.php\/podcast\/el-kit-de-72-horas-estilo-bruselas-tu-clave-para-la-autosuficiencia-en-emergencias\/\",\"name\":\"Podcast: El Kit de 72 Horas Estilo Bruselas: Tu Clave para la Autosuficiencia en Emergencias - Destrezas y Vida en el Medio Natural\",\"isPartOf\":{\"@id\":\"https:\/\/www.destrezasyvidaenelmedionatural.es\/#website\"},\"primaryImageOfPage\":{\"@id\":\"https:\/\/www.destrezasyvidaenelmedionatural.es\/index.php\/podcast\/el-kit-de-72-horas-estilo-bruselas-tu-clave-para-la-autosuficiencia-en-emergencias\/#primaryimage\"},\"image\":{\"@id\":\"https:\/\/www.destrezasyvidaenelmedionatural.es\/index.php\/podcast\/el-kit-de-72-horas-estilo-bruselas-tu-clave-para-la-autosuficiencia-en-emergencias\/#primaryimage\"},\"thumbnailUrl\":\"https:\/\/www.destrezasyvidaenelmedionatural.es\/wp-content\/uploads\/2025\/06\/Gemini_Generated_Image_ixobh6ixobh6ixob.jpg\",\"datePublished\":\"2025-06-02T15:45:22+00:00\",\"dateModified\":\"2025-06-02T15:53:23+00:00\",\"description\":\"Descubre el Kit de 72 Horas: tu gu\u00eda esencial para la autosuficiencia en emergencias. Aprende a preparar tu salvavidas familiar para los primeros 3 d\u00edas cr\u00edticos de cualquier crisis con 'Destrezas y Vida en el Medio Natural'.\",\"breadcrumb\":{\"@id\":\"https:\/\/www.destrezasyvidaenelmedionatural.es\/index.php\/podcast\/el-kit-de-72-horas-estilo-bruselas-tu-clave-para-la-autosuficiencia-en-emergencias\/#breadcrumb\"},\"inLanguage\":\"es\",\"potentialAction\":[{\"@type\":\"ReadAction\",\"target\":[\"https:\/\/www.destrezasyvidaenelmedionatural.es\/index.php\/podcast\/el-kit-de-72-horas-estilo-bruselas-tu-clave-para-la-autosuficiencia-en-emergencias\/\"]}]},{\"@type\":\"ImageObject\",\"inLanguage\":\"es\",\"@id\":\"https:\/\/www.destrezasyvidaenelmedionatural.es\/index.php\/podcast\/el-kit-de-72-horas-estilo-bruselas-tu-clave-para-la-autosuficiencia-en-emergencias\/#primaryimage\",\"url\":\"https:\/\/www.destrezasyvidaenelmedionatural.es\/wp-content\/uploads\/2025\/06\/Gemini_Generated_Image_ixobh6ixobh6ixob.jpg\",\"contentUrl\":\"https:\/\/www.destrezasyvidaenelmedionatural.es\/wp-content\/uploads\/2025\/06\/Gemini_Generated_Image_ixobh6ixobh6ixob.jpg\",\"width\":2048,\"height\":2048},{\"@type\":\"BreadcrumbList\",\"@id\":\"https:\/\/www.destrezasyvidaenelmedionatural.es\/index.php\/podcast\/el-kit-de-72-horas-estilo-bruselas-tu-clave-para-la-autosuficiencia-en-emergencias\/#breadcrumb\",\"itemListElement\":[{\"@type\":\"ListItem\",\"position\":1,\"name\":\"Portada\",\"item\":\"https:\/\/www.destrezasyvidaenelmedionatural.es\/\"},{\"@type\":\"ListItem\",\"position\":2,\"name\":\"Episode\",\"item\":\"https:\/\/www.destrezasyvidaenelmedionatural.es\/index.php\/podcast\/\"},{\"@type\":\"ListItem\",\"position\":3,\"name\":\"Podcast: El Kit de 72 Horas Estilo Bruselas: Tu Clave para la Autosuficiencia en Emergencias\"}]},{\"@type\":\"WebSite\",\"@id\":\"https:\/\/www.destrezasyvidaenelmedionatural.es\/#website\",\"url\":\"https:\/\/www.destrezasyvidaenelmedionatural.es\/\",\"name\":\"Destrezas y Vida en el Medio Natural\",\"description\":\"El sitio web Destrezas y Vida en el Medio Natural es un recurso excelente para cualquiera que quiera aprender sobre la naturaleza y c\u00f3mo interactuar con ella de manera segura y respetuosa.\",\"publisher\":{\"@id\":\"https:\/\/www.destrezasyvidaenelmedionatural.es\/#\/schema\/person\/05ac69635d864d75006df0853eb7afd3\"},\"potentialAction\":[{\"@type\":\"SearchAction\",\"target\":{\"@type\":\"EntryPoint\",\"urlTemplate\":\"https:\/\/www.destrezasyvidaenelmedionatural.es\/?s={search_term_string}\"},\"query-input\":{\"@type\":\"PropertyValueSpecification\",\"valueRequired\":true,\"valueName\":\"search_term_string\"}}],\"inLanguage\":\"es\"},{\"@type\":[\"Person\",\"Organization\"],\"@id\":\"https:\/\/www.destrezasyvidaenelmedionatural.es\/#\/schema\/person\/05ac69635d864d75006df0853eb7afd3\",\"name\":\"admin\",\"image\":{\"@type\":\"ImageObject\",\"inLanguage\":\"es\",\"@id\":\"https:\/\/www.destrezasyvidaenelmedionatural.es\/#\/schema\/person\/image\/\",\"url\":\"https:\/\/www.destrezasyvidaenelmedionatural.es\/wp-content\/uploads\/2021\/08\/cropped-SIN-FONDO-PRUEBA1.png\",\"contentUrl\":\"https:\/\/www.destrezasyvidaenelmedionatural.es\/wp-content\/uploads\/2021\/08\/cropped-SIN-FONDO-PRUEBA1.png\",\"width\":351,\"height\":349,\"caption\":\"admin\"},\"logo\":{\"@id\":\"https:\/\/www.destrezasyvidaenelmedionatural.es\/#\/schema\/person\/image\/\"},\"sameAs\":[\"http:\/\/www.destrezasyvidaenelmedionatural.es\",\"https:\/\/www.facebook.com\/Destrezas.y.Vida.en.el.Medio.Natural\",\"https:\/\/www.instagram.com\/destrezasyvidamn\/\"],\"url\":\"https:\/\/www.destrezasyvidaenelmedionatural.es\/index.php\/author\/admin\/\"}]}<\/script>\n<!-- \/ Yoast SEO plugin. -->","yoast_head_json":{"title":"Podcast: El Kit de 72 Horas Estilo Bruselas: Tu Clave para la Autosuficiencia en Emergencias - Destrezas y Vida en el Medio Natural","description":"Descubre el Kit de 72 Horas: tu gu\u00eda esencial para la autosuficiencia en emergencias. Aprende a preparar tu salvavidas familiar para los primeros 3 d\u00edas cr\u00edticos de cualquier crisis con 'Destrezas y Vida en el Medio Natural'.","robots":{"index":"index","follow":"follow","max-snippet":"max-snippet:-1","max-image-preview":"max-image-preview:large","max-video-preview":"max-video-preview:-1"},"canonical":"https:\/\/www.destrezasyvidaenelmedionatural.es\/index.php\/podcast\/el-kit-de-72-horas-estilo-bruselas-tu-clave-para-la-autosuficiencia-en-emergencias\/","og_locale":"es_ES","og_type":"article","og_title":"Podcast: El Kit de 72 Horas Estilo Bruselas: Tu Clave para la Autosuficiencia en Emergencias - Destrezas y Vida en el Medio Natural","og_description":"Descubre el Kit de 72 Horas: tu gu\u00eda esencial para la autosuficiencia en emergencias. Aprende a preparar tu salvavidas familiar para los primeros 3 d\u00edas cr\u00edticos de cualquier crisis con 'Destrezas y Vida en el Medio Natural'.","og_url":"https:\/\/www.destrezasyvidaenelmedionatural.es\/index.php\/podcast\/el-kit-de-72-horas-estilo-bruselas-tu-clave-para-la-autosuficiencia-en-emergencias\/","og_site_name":"Destrezas y Vida en el Medio Natural","article_publisher":"https:\/\/www.facebook.com\/Destrezas.y.Vida.en.el.Medio.Natural","article_modified_time":"2025-06-02T15:53:23+00:00","og_image":[{"width":2048,"height":2048,"url":"http:\/\/www.destrezasyvidaenelmedionatural.es\/wp-content\/uploads\/2025\/06\/Gemini_Generated_Image_ixobh6ixobh6ixob.jpg","type":"image\/jpeg"}],"twitter_card":"summary_large_image","twitter_site":"@DestrezasyVida","twitter_misc":{"Tiempo de lectura":"1 minuto"},"schema":{"@context":"https:\/\/schema.org","@graph":[{"@type":"Article","@id":"https:\/\/www.destrezasyvidaenelmedionatural.es\/index.php\/podcast\/el-kit-de-72-horas-estilo-bruselas-tu-clave-para-la-autosuficiencia-en-emergencias\/#article","isPartOf":{"@id":"https:\/\/www.destrezasyvidaenelmedionatural.es\/index.php\/podcast\/el-kit-de-72-horas-estilo-bruselas-tu-clave-para-la-autosuficiencia-en-emergencias\/"},"author":{"name":"admin","@id":"https:\/\/www.destrezasyvidaenelmedionatural.es\/#\/schema\/person\/05ac69635d864d75006df0853eb7afd3"},"headline":"Podcast: El Kit de 72 Horas Estilo Bruselas: Tu Clave para la Autosuficiencia en Emergencias","datePublished":"2025-06-02T15:45:22+00:00","dateModified":"2025-06-02T15:53:23+00:00","mainEntityOfPage":{"@id":"https:\/\/www.destrezasyvidaenelmedionatural.es\/index.php\/podcast\/el-kit-de-72-horas-estilo-bruselas-tu-clave-para-la-autosuficiencia-en-emergencias\/"},"wordCount":68,"commentCount":0,"publisher":{"@id":"https:\/\/www.destrezasyvidaenelmedionatural.es\/#\/schema\/person\/05ac69635d864d75006df0853eb7afd3"},"image":{"@id":"https:\/\/www.destrezasyvidaenelmedionatural.es\/index.php\/podcast\/el-kit-de-72-horas-estilo-bruselas-tu-clave-para-la-autosuficiencia-en-emergencias\/#primaryimage"},"thumbnailUrl":"https:\/\/www.destrezasyvidaenelmedionatural.es\/wp-content\/uploads\/2025\/06\/Gemini_Generated_Image_ixobh6ixobh6ixob.jpg","inLanguage":"es","potentialAction":[{"@type":"CommentAction","name":"Comment","target":["https:\/\/www.destrezasyvidaenelmedionatural.es\/index.php\/podcast\/el-kit-de-72-horas-estilo-bruselas-tu-clave-para-la-autosuficiencia-en-emergencias\/#respond"]}]},{"@type":"WebPage","@id":"https:\/\/www.destrezasyvidaenelmedionatural.es\/index.php\/podcast\/el-kit-de-72-horas-estilo-bruselas-tu-clave-para-la-autosuficiencia-en-emergencias\/","url":"https:\/\/www.destrezasyvidaenelmedionatural.es\/index.php\/podcast\/el-kit-de-72-horas-estilo-bruselas-tu-clave-para-la-autosuficiencia-en-emergencias\/","name":"Podcast: El Kit de 72 Horas Estilo Bruselas: Tu Clave para la Autosuficiencia en Emergencias - Destrezas y Vida en el Medio Natural","isPartOf":{"@id":"https:\/\/www.destrezasyvidaenelmedionatural.es\/#website"},"primaryImageOfPage":{"@id":"https:\/\/www.destrezasyvidaenelmedionatural.es\/index.php\/podcast\/el-kit-de-72-horas-estilo-bruselas-tu-clave-para-la-autosuficiencia-en-emergencias\/#primaryimage"},"image":{"@id":"https:\/\/www.destrezasyvidaenelmedionatural.es\/index.php\/podcast\/el-kit-de-72-horas-estilo-bruselas-tu-clave-para-la-autosuficiencia-en-emergencias\/#primaryimage"},"thumbnailUrl":"https:\/\/www.destrezasyvidaenelmedionatural.es\/wp-content\/uploads\/2025\/06\/Gemini_Generated_Image_ixobh6ixobh6ixob.jpg","datePublished":"2025-06-02T15:45:22+00:00","dateModified":"2025-06-02T15:53:23+00:00","description":"Descubre el Kit de 72 Horas: tu gu\u00eda esencial para la autosuficiencia en emergencias. Aprende a preparar tu salvavidas familiar para los primeros 3 d\u00edas cr\u00edticos de cualquier crisis con 'Destrezas y Vida en el Medio Natural'.","breadcrumb":{"@id":"https:\/\/www.destrezasyvidaenelmedionatural.es\/index.php\/podcast\/el-kit-de-72-horas-estilo-bruselas-tu-clave-para-la-autosuficiencia-en-emergencias\/#breadcrumb"},"inLanguage":"es","potentialAction":[{"@type":"ReadAction","target":["https:\/\/www.destrezasyvidaenelmedionatural.es\/index.php\/podcast\/el-kit-de-72-horas-estilo-bruselas-tu-clave-para-la-autosuficiencia-en-emergencias\/"]}]},{"@type":"ImageObject","inLanguage":"es","@id":"https:\/\/www.destrezasyvidaenelmedionatural.es\/index.php\/podcast\/el-kit-de-72-horas-estilo-bruselas-tu-clave-para-la-autosuficiencia-en-emergencias\/#primaryimage","url":"https:\/\/www.destrezasyvidaenelmedionatural.es\/wp-content\/uploads\/2025\/06\/Gemini_Generated_Image_ixobh6ixobh6ixob.jpg","contentUrl":"https:\/\/www.destrezasyvidaenelmedionatural.es\/wp-content\/uploads\/2025\/06\/Gemini_Generated_Image_ixobh6ixobh6ixob.jpg","width":2048,"height":2048},{"@type":"BreadcrumbList","@id":"https:\/\/www.destrezasyvidaenelmedionatural.es\/index.php\/podcast\/el-kit-de-72-horas-estilo-bruselas-tu-clave-para-la-autosuficiencia-en-emergencias\/#breadcrumb","itemListElement":[{"@type":"ListItem","position":1,"name":"Portada","item":"https:\/\/www.destrezasyvidaenelmedionatural.es\/"},{"@type":"ListItem","position":2,"name":"Episode","item":"https:\/\/www.destrezasyvidaenelmedionatural.es\/index.php\/podcast\/"},{"@type":"ListItem","position":3,"name":"Podcast: El Kit de 72 Horas Estilo Bruselas: Tu Clave para la Autosuficiencia en Emergencias"}]},{"@type":"WebSite","@id":"https:\/\/www.destrezasyvidaenelmedionatural.es\/#website","url":"https:\/\/www.destrezasyvidaenelmedionatural.es\/","name":"Destrezas y Vida en el Medio Natural","description":"El sitio web Destrezas y Vida en el Medio Natural es un recurso excelente para cualquiera que quiera aprender sobre la naturaleza y c\u00f3mo interactuar con ella de manera segura y respetuosa.","publisher":{"@id":"https:\/\/www.destrezasyvidaenelmedionatural.es\/#\/schema\/person\/05ac69635d864d75006df0853eb7afd3"},"potentialAction":[{"@type":"SearchAction","target":{"@type":"EntryPoint","urlTemplate":"https:\/\/www.destrezasyvidaenelmedionatural.es\/?s={search_term_string}"},"query-input":{"@type":"PropertyValueSpecification","valueRequired":true,"valueName":"search_term_string"}}],"inLanguage":"es"},{"@type":["Person","Organization"],"@id":"https:\/\/www.destrezasyvidaenelmedionatural.es\/#\/schema\/person\/05ac69635d864d75006df0853eb7afd3","name":"admin","image":{"@type":"ImageObject","inLanguage":"es","@id":"https:\/\/www.destrezasyvidaenelmedionatural.es\/#\/schema\/person\/image\/","url":"https:\/\/www.destrezasyvidaenelmedionatural.es\/wp-content\/uploads\/2021\/08\/cropped-SIN-FONDO-PRUEBA1.png","contentUrl":"https:\/\/www.destrezasyvidaenelmedionatural.es\/wp-content\/uploads\/2021\/08\/cropped-SIN-FONDO-PRUEBA1.png","width":351,"height":349,"caption":"admin"},"logo":{"@id":"https:\/\/www.destrezasyvidaenelmedionatural.es\/#\/schema\/person\/image\/"},"sameAs":["http:\/\/www.destrezasyvidaenelmedionatural.es","https:\/\/www.facebook.com\/Destrezas.y.Vida.en.el.Medio.Natural","https:\/\/www.instagram.com\/destrezasyvidamn\/"],"url":"https:\/\/www.destrezasyvidaenelmedionatural.es\/index.php\/author\/admin\/"}]}},"_links":{"self":[{"href":"https:\/\/www.destrezasyvidaenelmedionatural.es\/index.php\/wp-json\/wp\/v2\/podcast\/3520","targetHints":{"allow":["GET"]}}],"collection":[{"href":"https:\/\/www.destrezasyvidaenelmedionatural.es\/index.php\/wp-json\/wp\/v2\/podcast"}],"about":[{"href":"https:\/\/www.destrezasyvidaenelmedionatural.es\/index.php\/wp-json\/wp\/v2\/types\/podcast"}],"author":[{"embeddable":true,"href":"https:\/\/www.destrezasyvidaenelmedionatural.es\/index.php\/wp-json\/wp\/v2\/users\/1"}],"replies":[{"embeddable":true,"href":"https:\/\/www.destrezasyvidaenelmedionatural.es\/index.php\/wp-json\/wp\/v2\/comments?post=3520"}],"wp:featuredmedia":[{"embeddable":true,"href":"https:\/\/www.destrezasyvidaenelmedionatural.es\/index.php\/wp-json\/wp\/v2\/media\/3521"}],"wp:attachment":[{"href":"https:\/\/www.destrezasyvidaenelmedionatural.es\/index.php\/wp-json\/wp\/v2\/media?parent=3520"}],"wp:term":[{"taxonomy":"post_tag","embeddable":true,"href":"https:\/\/www.destrezasyvidaenelmedionatural.es\/index.php\/wp-json\/wp\/v2\/tags?post=3520"},{"taxonomy":"series","embeddable":true,"href":"https:\/\/www.destrezasyvidaenelmedionatural.es\/index.php\/wp-json\/wp\/v2\/series?post=3520"}],"curies":[{"name":"wp","href":"https:\/\/api.w.org\/{rel}","templated":true}]}}