{"id":3627,"date":"2025-06-03T14:11:38","date_gmt":"2025-06-03T14:11:38","guid":{"rendered":"https:\/\/www.destrezasyvidaenelmedionatural.es\/?post_type=podcast&#038;p=3627"},"modified":"2025-06-03T14:11:39","modified_gmt":"2025-06-03T14:11:39","slug":"podcast-mas-alla-del-kit-hay-un-limite-para-la-preparacion-ante-el-colapso-climatico","status":"publish","type":"podcast","link":"https:\/\/www.destrezasyvidaenelmedionatural.es\/index.php\/podcast\/podcast-mas-alla-del-kit-hay-un-limite-para-la-preparacion-ante-el-colapso-climatico\/","title":{"rendered":"Podcast: M\u00e1s All\u00e1 del Kit: \u00bfHay un L\u00edmite para la Preparaci\u00f3n ante el Colapso Clim\u00e1tico?"},"content":{"rendered":"\n<p>En este programa crucial, confrontamos la pregunta m\u00e1s inc\u00f3moda pero necesaria: \u00bfExiste un l\u00edmite para la preparaci\u00f3n ante el colapso clim\u00e1tico? Bas\u00e1ndonos en la ciencia m\u00e1s reciente, exploramos los escenarios futuros donde la adaptabilidad humana se pone a prueba. Analizamos las implicaciones de un calentamiento global de 2, 3 o 4 grados Celsius, desde el estr\u00e9s por calor extremo y la inseguridad alimentaria, hasta el colapso de ecosistemas y el desplazamiento masivo. Descubre c\u00f3mo la preparaci\u00f3n debe trascender el acopio de bienes para abrazar la resiliencia mental, la acci\u00f3n colectiva urgente y la construcci\u00f3n de comunidades adaptativas. Un llamado a la lucidez radical para redefinir qu\u00e9 significa \u00abprepararse\u00bb en la era del Antropoceno.<\/p>\n\n\n\n<iframe src=\"https:\/\/www.ivoox.com\/player_ej_149083901_6_1.html?c1=84c33d\" width=\"100%\" height=\"200\" frameborder=\"0\" allowfullscreen=\"\" scrolling=\"no\" loading=\"lazy\"><\/iframe>\n\n\n\n<p><\/p>\n","protected":false},"excerpt":{"rendered":"<p>En este programa crucial, confrontamos la pregunta m\u00e1s inc\u00f3moda pero necesaria: \u00bfExiste un l\u00edmite para la preparaci\u00f3n ante el colapso clim\u00e1tico? Bas\u00e1ndonos en la ciencia m\u00e1s reciente, exploramos los escenarios futuros donde la adaptabilidad humana se pone a prueba. Analizamos las implicaciones de un calentamiento global de 2, 3 o 4 grados Celsius, desde el &hellip;<\/p>\n<p class=\"read-more\"> <a class=\"\" href=\"https:\/\/www.destrezasyvidaenelmedionatural.es\/index.php\/podcast\/podcast-mas-alla-del-kit-hay-un-limite-para-la-preparacion-ante-el-colapso-climatico\/\"> <span class=\"screen-reader-text\">Podcast: M\u00e1s All\u00e1 del Kit: \u00bfHay un L\u00edmite para la Preparaci\u00f3n ante el Colapso Clim\u00e1tico?<\/span> Leer m\u00e1s &raquo;<\/a><\/p>\n","protected":false},"author":1,"featured_media":3628,"menu_order":0,"comment_status":"open","ping_status":"closed","template":"","meta":{"episode_type":"audio","audio_file":"","cover_image":"","cover_image_id":"","duration":"","filesize":"","date_recorded":"","explicit":"","block":"","filesize_raw":""},"tags":[202,59,204,207,211,201,20,208,206,200,210,199,209,198,205,17,203,212],"series":[87],"class_list":["post-3627","podcast","type-podcast","status-publish","has-post-thumbnail","hentry","tag-adaptacion","tag-autosuficiencia","tag-calentamiento-global","tag-cambio-climatico","tag-colapso-climatico","tag-conciencia-climatica","tag-consejosdesupervivencia","tag-crisis-climatica","tag-escenarios-futuros","tag-futuro-incierto","tag-impacto-ambiental","tag-ipcc","tag-justicia-climatica","tag-podcast","tag-preparacion-para-desastres","tag-preparacionismo","tag-resiliencia","tag-sostenibilidad","series-poscast"],"episode_featured_image":"https:\/\/www.destrezasyvidaenelmedionatural.es\/wp-content\/uploads\/2025\/06\/Copilot_20250603_160945.png","episode_player_image":"https:\/\/www.destrezasyvidaenelmedionatural.es\/wp-content\/plugins\/seriously-simple-podcasting\/assets\/images\/no-album-art.png","download_link":"","player_link":"","audio_player":false,"episode_data":{"playerMode":"dark","subscribeUrls":{"apple_podcasts":{"key":"apple_podcasts","url":"","label":"Apple Podcasts","class":"apple_podcasts","icon":"apple-podcasts.png"},"stitcher":{"key":"stitcher","url":"","label":"Stitcher","class":"stitcher","icon":"stitcher.png"},"google_podcasts":{"key":"google_podcasts","url":"","label":"Google Podcasts","class":"google_podcasts","icon":"google-podcasts.png"},"spotify":{"key":"spotify","url":"","label":"Spotify","class":"spotify","icon":"spotify.png"}},"rssFeedUrl":"https:\/\/www.destrezasyvidaenelmedionatural.es\/feed\/podcast\/poscast","embedCode":"<blockquote class=\"wp-embedded-content\" data-secret=\"MyyK72pBgi\"><a href=\"https:\/\/www.destrezasyvidaenelmedionatural.es\/index.php\/podcast\/podcast-mas-alla-del-kit-hay-un-limite-para-la-preparacion-ante-el-colapso-climatico\/\">Podcast: M\u00e1s All\u00e1 del Kit: \u00bfHay un L\u00edmite para la Preparaci\u00f3n ante el Colapso Clim\u00e1tico?<\/a><\/blockquote><iframe sandbox=\"allow-scripts\" security=\"restricted\" src=\"https:\/\/www.destrezasyvidaenelmedionatural.es\/index.php\/podcast\/podcast-mas-alla-del-kit-hay-un-limite-para-la-preparacion-ante-el-colapso-climatico\/embed\/#?secret=MyyK72pBgi\" width=\"500\" height=\"350\" title=\"\u00abPodcast: M\u00e1s All\u00e1 del Kit: \u00bfHay un L\u00edmite para la Preparaci\u00f3n ante el Colapso Clim\u00e1tico?\u00bb \u2014 Destrezas y Vida en  el Medio Natural\" data-secret=\"MyyK72pBgi\" frameborder=\"0\" marginwidth=\"0\" marginheight=\"0\" scrolling=\"no\" class=\"wp-embedded-content\"><\/iframe><script>\n\/*! This file is auto-generated *\/\n!function(d,l){\"use strict\";l.querySelector&&d.addEventListener&&\"undefined\"!=typeof URL&&(d.wp=d.wp||{},d.wp.receiveEmbedMessage||(d.wp.receiveEmbedMessage=function(e){var t=e.data;if((t||t.secret||t.message||t.value)&&!\/[^a-zA-Z0-9]\/.test(t.secret)){for(var s,r,n,a=l.querySelectorAll('iframe[data-secret=\"'+t.secret+'\"]'),o=l.querySelectorAll('blockquote[data-secret=\"'+t.secret+'\"]'),c=new RegExp(\"^https?:$\",\"i\"),i=0;i<o.length;i++)o[i].style.display=\"none\";for(i=0;i<a.length;i++)s=a[i],e.source===s.contentWindow&&(s.removeAttribute(\"style\"),\"height\"===t.message?(1e3<(r=parseInt(t.value,10))?r=1e3:~~r<200&&(r=200),s.height=r):\"link\"===t.message&&(r=new URL(s.getAttribute(\"src\")),n=new URL(t.value),c.test(n.protocol))&&n.host===r.host&&l.activeElement===s&&(d.top.location.href=t.value))}},d.addEventListener(\"message\",d.wp.receiveEmbedMessage,!1),l.addEventListener(\"DOMContentLoaded\",function(){for(var e,t,s=l.querySelectorAll(\"iframe.wp-embedded-content\"),r=0;r<s.length;r++)(t=(e=s[r]).getAttribute(\"data-secret\"))||(t=Math.random().toString(36).substring(2,12),e.src+=\"#?secret=\"+t,e.setAttribute(\"data-secret\",t)),e.contentWindow.postMessage({message:\"ready\",secret:t},\"*\")},!1)))}(window,document);\n\/\/# sourceURL=https:\/\/www.destrezasyvidaenelmedionatural.es\/wp-includes\/js\/wp-embed.min.js\n<\/script>\n"},"yoast_head":"<!-- This site is optimized with the Yoast SEO plugin v23.8 - https:\/\/yoast.com\/wordpress\/plugins\/seo\/ -->\n<title>Podcast: M\u00e1s All\u00e1 del Kit: \u00bfHay un L\u00edmite para la Preparaci\u00f3n ante el Colapso Clim\u00e1tico? - Destrezas y Vida en el Medio Natural<\/title>\n<meta name=\"description\" content=\"En este programa crucial, confrontamos la pregunta m\u00e1s inc\u00f3moda pero necesaria: \u00bfExiste un l\u00edmite para la preparaci\u00f3n ante el colapso clim\u00e1tico?\" \/>\n<meta name=\"robots\" content=\"index, follow, max-snippet:-1, max-image-preview:large, max-video-preview:-1\" \/>\n<link rel=\"canonical\" href=\"https:\/\/www.destrezasyvidaenelmedionatural.es\/index.php\/podcast\/podcast-mas-alla-del-kit-hay-un-limite-para-la-preparacion-ante-el-colapso-climatico\/\" \/>\n<meta property=\"og:locale\" content=\"es_ES\" \/>\n<meta property=\"og:type\" content=\"article\" \/>\n<meta property=\"og:title\" content=\"Podcast: M\u00e1s All\u00e1 del Kit: \u00bfHay un L\u00edmite para la Preparaci\u00f3n ante el Colapso Clim\u00e1tico? - Destrezas y Vida en el Medio Natural\" \/>\n<meta property=\"og:description\" content=\"En este programa crucial, confrontamos la pregunta m\u00e1s inc\u00f3moda pero necesaria: \u00bfExiste un l\u00edmite para la preparaci\u00f3n ante el colapso clim\u00e1tico?\" \/>\n<meta property=\"og:url\" content=\"https:\/\/www.destrezasyvidaenelmedionatural.es\/index.php\/podcast\/podcast-mas-alla-del-kit-hay-un-limite-para-la-preparacion-ante-el-colapso-climatico\/\" \/>\n<meta property=\"og:site_name\" content=\"Destrezas y Vida en el Medio Natural\" \/>\n<meta property=\"article:publisher\" content=\"https:\/\/www.facebook.com\/Destrezas.y.Vida.en.el.Medio.Natural\" \/>\n<meta property=\"article:modified_time\" content=\"2025-06-03T14:11:39+00:00\" \/>\n<meta property=\"og:image\" content=\"http:\/\/www.destrezasyvidaenelmedionatural.es\/wp-content\/uploads\/2025\/06\/Copilot_20250603_160945-683x1024.png\" \/>\n\t<meta property=\"og:image:width\" content=\"683\" \/>\n\t<meta property=\"og:image:height\" content=\"1024\" \/>\n\t<meta property=\"og:image:type\" content=\"image\/png\" \/>\n<meta name=\"twitter:card\" content=\"summary_large_image\" \/>\n<meta name=\"twitter:site\" content=\"@DestrezasyVida\" \/>\n<meta name=\"twitter:label1\" content=\"Tiempo de lectura\" \/>\n\t<meta name=\"twitter:data1\" content=\"1 minuto\" \/>\n<script type=\"application\/ld+json\" class=\"yoast-schema-graph\">{\"@context\":\"https:\/\/schema.org\",\"@graph\":[{\"@type\":\"Article\",\"@id\":\"https:\/\/www.destrezasyvidaenelmedionatural.es\/index.php\/podcast\/podcast-mas-alla-del-kit-hay-un-limite-para-la-preparacion-ante-el-colapso-climatico\/#article\",\"isPartOf\":{\"@id\":\"https:\/\/www.destrezasyvidaenelmedionatural.es\/index.php\/podcast\/podcast-mas-alla-del-kit-hay-un-limite-para-la-preparacion-ante-el-colapso-climatico\/\"},\"author\":{\"name\":\"admin\",\"@id\":\"https:\/\/www.destrezasyvidaenelmedionatural.es\/#\/schema\/person\/05ac69635d864d75006df0853eb7afd3\"},\"headline\":\"Podcast: M\u00e1s All\u00e1 del Kit: \u00bfHay un L\u00edmite para la Preparaci\u00f3n ante el Colapso Clim\u00e1tico?\",\"datePublished\":\"2025-06-03T14:11:38+00:00\",\"dateModified\":\"2025-06-03T14:11:39+00:00\",\"mainEntityOfPage\":{\"@id\":\"https:\/\/www.destrezasyvidaenelmedionatural.es\/index.php\/podcast\/podcast-mas-alla-del-kit-hay-un-limite-para-la-preparacion-ante-el-colapso-climatico\/\"},\"wordCount\":141,\"commentCount\":0,\"publisher\":{\"@id\":\"https:\/\/www.destrezasyvidaenelmedionatural.es\/#\/schema\/person\/05ac69635d864d75006df0853eb7afd3\"},\"image\":{\"@id\":\"https:\/\/www.destrezasyvidaenelmedionatural.es\/index.php\/podcast\/podcast-mas-alla-del-kit-hay-un-limite-para-la-preparacion-ante-el-colapso-climatico\/#primaryimage\"},\"thumbnailUrl\":\"https:\/\/www.destrezasyvidaenelmedionatural.es\/wp-content\/uploads\/2025\/06\/Copilot_20250603_160945.png\",\"keywords\":[\"Adaptaci\u00f3n\",\"Autosuficiencia\",\"Calentamiento Global\",\"Cambio Clim\u00e1tico\",\"Colapso Clim\u00e1tico\",\"Conciencia Clim\u00e1tica\",\"consejosdesupervivencia\",\"Crisis Clim\u00e1tica\",\"Escenarios Futuros\",\"Futuro Incierto\",\"Impacto Ambiental\",\"IPCC\",\"Justicia Clim\u00e1tica\",\"podcast\",\"Preparaci\u00f3n para Desastres\",\"preparacionismo\",\"Resiliencia\",\"Sostenibilidad\"],\"inLanguage\":\"es\",\"potentialAction\":[{\"@type\":\"CommentAction\",\"name\":\"Comment\",\"target\":[\"https:\/\/www.destrezasyvidaenelmedionatural.es\/index.php\/podcast\/podcast-mas-alla-del-kit-hay-un-limite-para-la-preparacion-ante-el-colapso-climatico\/#respond\"]}]},{\"@type\":\"WebPage\",\"@id\":\"https:\/\/www.destrezasyvidaenelmedionatural.es\/index.php\/podcast\/podcast-mas-alla-del-kit-hay-un-limite-para-la-preparacion-ante-el-colapso-climatico\/\",\"url\":\"https:\/\/www.destrezasyvidaenelmedionatural.es\/index.php\/podcast\/podcast-mas-alla-del-kit-hay-un-limite-para-la-preparacion-ante-el-colapso-climatico\/\",\"name\":\"Podcast: M\u00e1s All\u00e1 del Kit: \u00bfHay un L\u00edmite para la Preparaci\u00f3n ante el Colapso Clim\u00e1tico? - Destrezas y Vida en el Medio Natural\",\"isPartOf\":{\"@id\":\"https:\/\/www.destrezasyvidaenelmedionatural.es\/#website\"},\"primaryImageOfPage\":{\"@id\":\"https:\/\/www.destrezasyvidaenelmedionatural.es\/index.php\/podcast\/podcast-mas-alla-del-kit-hay-un-limite-para-la-preparacion-ante-el-colapso-climatico\/#primaryimage\"},\"image\":{\"@id\":\"https:\/\/www.destrezasyvidaenelmedionatural.es\/index.php\/podcast\/podcast-mas-alla-del-kit-hay-un-limite-para-la-preparacion-ante-el-colapso-climatico\/#primaryimage\"},\"thumbnailUrl\":\"https:\/\/www.destrezasyvidaenelmedionatural.es\/wp-content\/uploads\/2025\/06\/Copilot_20250603_160945.png\",\"datePublished\":\"2025-06-03T14:11:38+00:00\",\"dateModified\":\"2025-06-03T14:11:39+00:00\",\"description\":\"En este programa crucial, confrontamos la pregunta m\u00e1s inc\u00f3moda pero necesaria: \u00bfExiste un l\u00edmite para la preparaci\u00f3n ante el colapso clim\u00e1tico?\",\"breadcrumb\":{\"@id\":\"https:\/\/www.destrezasyvidaenelmedionatural.es\/index.php\/podcast\/podcast-mas-alla-del-kit-hay-un-limite-para-la-preparacion-ante-el-colapso-climatico\/#breadcrumb\"},\"inLanguage\":\"es\",\"potentialAction\":[{\"@type\":\"ReadAction\",\"target\":[\"https:\/\/www.destrezasyvidaenelmedionatural.es\/index.php\/podcast\/podcast-mas-alla-del-kit-hay-un-limite-para-la-preparacion-ante-el-colapso-climatico\/\"]}]},{\"@type\":\"ImageObject\",\"inLanguage\":\"es\",\"@id\":\"https:\/\/www.destrezasyvidaenelmedionatural.es\/index.php\/podcast\/podcast-mas-alla-del-kit-hay-un-limite-para-la-preparacion-ante-el-colapso-climatico\/#primaryimage\",\"url\":\"https:\/\/www.destrezasyvidaenelmedionatural.es\/wp-content\/uploads\/2025\/06\/Copilot_20250603_160945.png\",\"contentUrl\":\"https:\/\/www.destrezasyvidaenelmedionatural.es\/wp-content\/uploads\/2025\/06\/Copilot_20250603_160945.png\",\"width\":1024,\"height\":1536},{\"@type\":\"BreadcrumbList\",\"@id\":\"https:\/\/www.destrezasyvidaenelmedionatural.es\/index.php\/podcast\/podcast-mas-alla-del-kit-hay-un-limite-para-la-preparacion-ante-el-colapso-climatico\/#breadcrumb\",\"itemListElement\":[{\"@type\":\"ListItem\",\"position\":1,\"name\":\"Portada\",\"item\":\"https:\/\/www.destrezasyvidaenelmedionatural.es\/\"},{\"@type\":\"ListItem\",\"position\":2,\"name\":\"Episode\",\"item\":\"https:\/\/www.destrezasyvidaenelmedionatural.es\/index.php\/podcast\/\"},{\"@type\":\"ListItem\",\"position\":3,\"name\":\"Podcast: M\u00e1s All\u00e1 del Kit: \u00bfHay un L\u00edmite para la Preparaci\u00f3n ante el Colapso Clim\u00e1tico?\"}]},{\"@type\":\"WebSite\",\"@id\":\"https:\/\/www.destrezasyvidaenelmedionatural.es\/#website\",\"url\":\"https:\/\/www.destrezasyvidaenelmedionatural.es\/\",\"name\":\"Destrezas y Vida en el Medio Natural\",\"description\":\"El sitio web Destrezas y Vida en el Medio Natural es un recurso excelente para cualquiera que quiera aprender sobre la naturaleza y c\u00f3mo interactuar con ella de manera segura y respetuosa.\",\"publisher\":{\"@id\":\"https:\/\/www.destrezasyvidaenelmedionatural.es\/#\/schema\/person\/05ac69635d864d75006df0853eb7afd3\"},\"potentialAction\":[{\"@type\":\"SearchAction\",\"target\":{\"@type\":\"EntryPoint\",\"urlTemplate\":\"https:\/\/www.destrezasyvidaenelmedionatural.es\/?s={search_term_string}\"},\"query-input\":{\"@type\":\"PropertyValueSpecification\",\"valueRequired\":true,\"valueName\":\"search_term_string\"}}],\"inLanguage\":\"es\"},{\"@type\":[\"Person\",\"Organization\"],\"@id\":\"https:\/\/www.destrezasyvidaenelmedionatural.es\/#\/schema\/person\/05ac69635d864d75006df0853eb7afd3\",\"name\":\"admin\",\"image\":{\"@type\":\"ImageObject\",\"inLanguage\":\"es\",\"@id\":\"https:\/\/www.destrezasyvidaenelmedionatural.es\/#\/schema\/person\/image\/\",\"url\":\"https:\/\/www.destrezasyvidaenelmedionatural.es\/wp-content\/uploads\/2021\/08\/cropped-SIN-FONDO-PRUEBA1.png\",\"contentUrl\":\"https:\/\/www.destrezasyvidaenelmedionatural.es\/wp-content\/uploads\/2021\/08\/cropped-SIN-FONDO-PRUEBA1.png\",\"width\":351,\"height\":349,\"caption\":\"admin\"},\"logo\":{\"@id\":\"https:\/\/www.destrezasyvidaenelmedionatural.es\/#\/schema\/person\/image\/\"},\"sameAs\":[\"http:\/\/www.destrezasyvidaenelmedionatural.es\",\"https:\/\/www.facebook.com\/Destrezas.y.Vida.en.el.Medio.Natural\",\"https:\/\/www.instagram.com\/destrezasyvidamn\/\"],\"url\":\"https:\/\/www.destrezasyvidaenelmedionatural.es\/index.php\/author\/admin\/\"}]}<\/script>\n<!-- \/ Yoast SEO plugin. -->","yoast_head_json":{"title":"Podcast: M\u00e1s All\u00e1 del Kit: \u00bfHay un L\u00edmite para la Preparaci\u00f3n ante el Colapso Clim\u00e1tico? - Destrezas y Vida en el Medio Natural","description":"En este programa crucial, confrontamos la pregunta m\u00e1s inc\u00f3moda pero necesaria: \u00bfExiste un l\u00edmite para la preparaci\u00f3n ante el colapso clim\u00e1tico?","robots":{"index":"index","follow":"follow","max-snippet":"max-snippet:-1","max-image-preview":"max-image-preview:large","max-video-preview":"max-video-preview:-1"},"canonical":"https:\/\/www.destrezasyvidaenelmedionatural.es\/index.php\/podcast\/podcast-mas-alla-del-kit-hay-un-limite-para-la-preparacion-ante-el-colapso-climatico\/","og_locale":"es_ES","og_type":"article","og_title":"Podcast: M\u00e1s All\u00e1 del Kit: \u00bfHay un L\u00edmite para la Preparaci\u00f3n ante el Colapso Clim\u00e1tico? - Destrezas y Vida en el Medio Natural","og_description":"En este programa crucial, confrontamos la pregunta m\u00e1s inc\u00f3moda pero necesaria: \u00bfExiste un l\u00edmite para la preparaci\u00f3n ante el colapso clim\u00e1tico?","og_url":"https:\/\/www.destrezasyvidaenelmedionatural.es\/index.php\/podcast\/podcast-mas-alla-del-kit-hay-un-limite-para-la-preparacion-ante-el-colapso-climatico\/","og_site_name":"Destrezas y Vida en el Medio Natural","article_publisher":"https:\/\/www.facebook.com\/Destrezas.y.Vida.en.el.Medio.Natural","article_modified_time":"2025-06-03T14:11:39+00:00","og_image":[{"width":683,"height":1024,"url":"http:\/\/www.destrezasyvidaenelmedionatural.es\/wp-content\/uploads\/2025\/06\/Copilot_20250603_160945-683x1024.png","type":"image\/png"}],"twitter_card":"summary_large_image","twitter_site":"@DestrezasyVida","twitter_misc":{"Tiempo de lectura":"1 minuto"},"schema":{"@context":"https:\/\/schema.org","@graph":[{"@type":"Article","@id":"https:\/\/www.destrezasyvidaenelmedionatural.es\/index.php\/podcast\/podcast-mas-alla-del-kit-hay-un-limite-para-la-preparacion-ante-el-colapso-climatico\/#article","isPartOf":{"@id":"https:\/\/www.destrezasyvidaenelmedionatural.es\/index.php\/podcast\/podcast-mas-alla-del-kit-hay-un-limite-para-la-preparacion-ante-el-colapso-climatico\/"},"author":{"name":"admin","@id":"https:\/\/www.destrezasyvidaenelmedionatural.es\/#\/schema\/person\/05ac69635d864d75006df0853eb7afd3"},"headline":"Podcast: M\u00e1s All\u00e1 del Kit: \u00bfHay un L\u00edmite para la Preparaci\u00f3n ante el Colapso Clim\u00e1tico?","datePublished":"2025-06-03T14:11:38+00:00","dateModified":"2025-06-03T14:11:39+00:00","mainEntityOfPage":{"@id":"https:\/\/www.destrezasyvidaenelmedionatural.es\/index.php\/podcast\/podcast-mas-alla-del-kit-hay-un-limite-para-la-preparacion-ante-el-colapso-climatico\/"},"wordCount":141,"commentCount":0,"publisher":{"@id":"https:\/\/www.destrezasyvidaenelmedionatural.es\/#\/schema\/person\/05ac69635d864d75006df0853eb7afd3"},"image":{"@id":"https:\/\/www.destrezasyvidaenelmedionatural.es\/index.php\/podcast\/podcast-mas-alla-del-kit-hay-un-limite-para-la-preparacion-ante-el-colapso-climatico\/#primaryimage"},"thumbnailUrl":"https:\/\/www.destrezasyvidaenelmedionatural.es\/wp-content\/uploads\/2025\/06\/Copilot_20250603_160945.png","keywords":["Adaptaci\u00f3n","Autosuficiencia","Calentamiento Global","Cambio Clim\u00e1tico","Colapso Clim\u00e1tico","Conciencia Clim\u00e1tica","consejosdesupervivencia","Crisis Clim\u00e1tica","Escenarios Futuros","Futuro Incierto","Impacto Ambiental","IPCC","Justicia Clim\u00e1tica","podcast","Preparaci\u00f3n para Desastres","preparacionismo","Resiliencia","Sostenibilidad"],"inLanguage":"es","potentialAction":[{"@type":"CommentAction","name":"Comment","target":["https:\/\/www.destrezasyvidaenelmedionatural.es\/index.php\/podcast\/podcast-mas-alla-del-kit-hay-un-limite-para-la-preparacion-ante-el-colapso-climatico\/#respond"]}]},{"@type":"WebPage","@id":"https:\/\/www.destrezasyvidaenelmedionatural.es\/index.php\/podcast\/podcast-mas-alla-del-kit-hay-un-limite-para-la-preparacion-ante-el-colapso-climatico\/","url":"https:\/\/www.destrezasyvidaenelmedionatural.es\/index.php\/podcast\/podcast-mas-alla-del-kit-hay-un-limite-para-la-preparacion-ante-el-colapso-climatico\/","name":"Podcast: M\u00e1s All\u00e1 del Kit: \u00bfHay un L\u00edmite para la Preparaci\u00f3n ante el Colapso Clim\u00e1tico? - Destrezas y Vida en el Medio Natural","isPartOf":{"@id":"https:\/\/www.destrezasyvidaenelmedionatural.es\/#website"},"primaryImageOfPage":{"@id":"https:\/\/www.destrezasyvidaenelmedionatural.es\/index.php\/podcast\/podcast-mas-alla-del-kit-hay-un-limite-para-la-preparacion-ante-el-colapso-climatico\/#primaryimage"},"image":{"@id":"https:\/\/www.destrezasyvidaenelmedionatural.es\/index.php\/podcast\/podcast-mas-alla-del-kit-hay-un-limite-para-la-preparacion-ante-el-colapso-climatico\/#primaryimage"},"thumbnailUrl":"https:\/\/www.destrezasyvidaenelmedionatural.es\/wp-content\/uploads\/2025\/06\/Copilot_20250603_160945.png","datePublished":"2025-06-03T14:11:38+00:00","dateModified":"2025-06-03T14:11:39+00:00","description":"En este programa crucial, confrontamos la pregunta m\u00e1s inc\u00f3moda pero necesaria: \u00bfExiste un l\u00edmite para la preparaci\u00f3n ante el colapso clim\u00e1tico?","breadcrumb":{"@id":"https:\/\/www.destrezasyvidaenelmedionatural.es\/index.php\/podcast\/podcast-mas-alla-del-kit-hay-un-limite-para-la-preparacion-ante-el-colapso-climatico\/#breadcrumb"},"inLanguage":"es","potentialAction":[{"@type":"ReadAction","target":["https:\/\/www.destrezasyvidaenelmedionatural.es\/index.php\/podcast\/podcast-mas-alla-del-kit-hay-un-limite-para-la-preparacion-ante-el-colapso-climatico\/"]}]},{"@type":"ImageObject","inLanguage":"es","@id":"https:\/\/www.destrezasyvidaenelmedionatural.es\/index.php\/podcast\/podcast-mas-alla-del-kit-hay-un-limite-para-la-preparacion-ante-el-colapso-climatico\/#primaryimage","url":"https:\/\/www.destrezasyvidaenelmedionatural.es\/wp-content\/uploads\/2025\/06\/Copilot_20250603_160945.png","contentUrl":"https:\/\/www.destrezasyvidaenelmedionatural.es\/wp-content\/uploads\/2025\/06\/Copilot_20250603_160945.png","width":1024,"height":1536},{"@type":"BreadcrumbList","@id":"https:\/\/www.destrezasyvidaenelmedionatural.es\/index.php\/podcast\/podcast-mas-alla-del-kit-hay-un-limite-para-la-preparacion-ante-el-colapso-climatico\/#breadcrumb","itemListElement":[{"@type":"ListItem","position":1,"name":"Portada","item":"https:\/\/www.destrezasyvidaenelmedionatural.es\/"},{"@type":"ListItem","position":2,"name":"Episode","item":"https:\/\/www.destrezasyvidaenelmedionatural.es\/index.php\/podcast\/"},{"@type":"ListItem","position":3,"name":"Podcast: M\u00e1s All\u00e1 del Kit: \u00bfHay un L\u00edmite para la Preparaci\u00f3n ante el Colapso Clim\u00e1tico?"}]},{"@type":"WebSite","@id":"https:\/\/www.destrezasyvidaenelmedionatural.es\/#website","url":"https:\/\/www.destrezasyvidaenelmedionatural.es\/","name":"Destrezas y Vida en el Medio Natural","description":"El sitio web Destrezas y Vida en el Medio Natural es un recurso excelente para cualquiera que quiera aprender sobre la naturaleza y c\u00f3mo interactuar con ella de manera segura y respetuosa.","publisher":{"@id":"https:\/\/www.destrezasyvidaenelmedionatural.es\/#\/schema\/person\/05ac69635d864d75006df0853eb7afd3"},"potentialAction":[{"@type":"SearchAction","target":{"@type":"EntryPoint","urlTemplate":"https:\/\/www.destrezasyvidaenelmedionatural.es\/?s={search_term_string}"},"query-input":{"@type":"PropertyValueSpecification","valueRequired":true,"valueName":"search_term_string"}}],"inLanguage":"es"},{"@type":["Person","Organization"],"@id":"https:\/\/www.destrezasyvidaenelmedionatural.es\/#\/schema\/person\/05ac69635d864d75006df0853eb7afd3","name":"admin","image":{"@type":"ImageObject","inLanguage":"es","@id":"https:\/\/www.destrezasyvidaenelmedionatural.es\/#\/schema\/person\/image\/","url":"https:\/\/www.destrezasyvidaenelmedionatural.es\/wp-content\/uploads\/2021\/08\/cropped-SIN-FONDO-PRUEBA1.png","contentUrl":"https:\/\/www.destrezasyvidaenelmedionatural.es\/wp-content\/uploads\/2021\/08\/cropped-SIN-FONDO-PRUEBA1.png","width":351,"height":349,"caption":"admin"},"logo":{"@id":"https:\/\/www.destrezasyvidaenelmedionatural.es\/#\/schema\/person\/image\/"},"sameAs":["http:\/\/www.destrezasyvidaenelmedionatural.es","https:\/\/www.facebook.com\/Destrezas.y.Vida.en.el.Medio.Natural","https:\/\/www.instagram.com\/destrezasyvidamn\/"],"url":"https:\/\/www.destrezasyvidaenelmedionatural.es\/index.php\/author\/admin\/"}]}},"_links":{"self":[{"href":"https:\/\/www.destrezasyvidaenelmedionatural.es\/index.php\/wp-json\/wp\/v2\/podcast\/3627","targetHints":{"allow":["GET"]}}],"collection":[{"href":"https:\/\/www.destrezasyvidaenelmedionatural.es\/index.php\/wp-json\/wp\/v2\/podcast"}],"about":[{"href":"https:\/\/www.destrezasyvidaenelmedionatural.es\/index.php\/wp-json\/wp\/v2\/types\/podcast"}],"author":[{"embeddable":true,"href":"https:\/\/www.destrezasyvidaenelmedionatural.es\/index.php\/wp-json\/wp\/v2\/users\/1"}],"replies":[{"embeddable":true,"href":"https:\/\/www.destrezasyvidaenelmedionatural.es\/index.php\/wp-json\/wp\/v2\/comments?post=3627"}],"wp:featuredmedia":[{"embeddable":true,"href":"https:\/\/www.destrezasyvidaenelmedionatural.es\/index.php\/wp-json\/wp\/v2\/media\/3628"}],"wp:attachment":[{"href":"https:\/\/www.destrezasyvidaenelmedionatural.es\/index.php\/wp-json\/wp\/v2\/media?parent=3627"}],"wp:term":[{"taxonomy":"post_tag","embeddable":true,"href":"https:\/\/www.destrezasyvidaenelmedionatural.es\/index.php\/wp-json\/wp\/v2\/tags?post=3627"},{"taxonomy":"series","embeddable":true,"href":"https:\/\/www.destrezasyvidaenelmedionatural.es\/index.php\/wp-json\/wp\/v2\/series?post=3627"}],"curies":[{"name":"wp","href":"https:\/\/api.w.org\/{rel}","templated":true}]}}