{"id":3671,"date":"2025-06-19T07:38:24","date_gmt":"2025-06-19T07:38:24","guid":{"rendered":"https:\/\/www.destrezasyvidaenelmedionatural.es\/?post_type=podcast&#038;p=3671"},"modified":"2025-06-19T07:38:25","modified_gmt":"2025-06-19T07:38:25","slug":"apagon-luz-calma-redundancia","status":"publish","type":"podcast","link":"https:\/\/www.destrezasyvidaenelmedionatural.es\/index.php\/podcast\/apagon-luz-calma-redundancia\/","title":{"rendered":"Apag\u00f3n: Luz, Calma, Redundancia"},"content":{"rendered":"\n<p>\u00bfEl miedo a la oscuridad te paraliza en un apag\u00f3n? En este episodio esencial, te revelamos el secreto para tener luz ininterrumpida y decir adi\u00f3s al p\u00e1nico por bater\u00edas agotadas.<\/p>\n\n\n\n<p>Descubre por qu\u00e9 depender de una sola linterna es un error y c\u00f3mo una estrategia de <strong>m\u00faltiples fuentes de luz<\/strong> (linternas frontales, velas de larga duraci\u00f3n, barras qu\u00edmicas, faroles LED) es tu verdadero seguro de vida. Aprende la <strong>gesti\u00f3n eficiente de bater\u00edas<\/strong>: estandarizaci\u00f3n, almacenamiento, rotaci\u00f3n y recarga, para que siempre tengas energ\u00eda cuando m\u00e1s la necesites.<\/p>\n\n\n\n<p>Transforma la oscuridad en una oportunidad para la calma y el liderazgo. \u00a1Convi\u00e9rtete en el faro de la noche y asegura la luz para ti y los tuyos!<\/p>\n\n\n\n<iframe src=\"https:\/\/www.ivoox.com\/player_ej_150571618_6_1.html?c1=84c33d\" width=\"100%\" height=\"200\" frameborder=\"0\" allowfullscreen=\"\" scrolling=\"no\" loading=\"lazy\"><\/iframe>\n","protected":false},"excerpt":{"rendered":"<p>\u00bfEl miedo a la oscuridad te paraliza en un apag\u00f3n? En este episodio esencial, te revelamos el secreto para tener luz ininterrumpida y decir adi\u00f3s al p\u00e1nico por bater\u00edas agotadas. Descubre por qu\u00e9 depender de una sola linterna es un error y c\u00f3mo una estrategia de m\u00faltiples fuentes de luz (linternas frontales, velas de larga &hellip;<\/p>\n<p class=\"read-more\"> <a class=\"\" href=\"https:\/\/www.destrezasyvidaenelmedionatural.es\/index.php\/podcast\/apagon-luz-calma-redundancia\/\"> <span class=\"screen-reader-text\">Apag\u00f3n: Luz, Calma, Redundancia<\/span> Leer m\u00e1s &raquo;<\/a><\/p>\n","protected":false},"author":1,"featured_media":0,"menu_order":0,"comment_status":"open","ping_status":"closed","template":"","meta":{"episode_type":"audio","audio_file":"","cover_image":"","cover_image_id":"","duration":"","filesize":"","date_recorded":"","explicit":"","block":"","filesize_raw":""},"tags":[20,197,26],"series":[87],"class_list":["post-3671","podcast","type-podcast","status-publish","hentry","tag-consejosdesupervivencia","tag-kit72h","tag-supervivencia","series-poscast"],"episode_featured_image":false,"episode_player_image":"https:\/\/www.destrezasyvidaenelmedionatural.es\/wp-content\/plugins\/seriously-simple-podcasting\/assets\/images\/no-album-art.png","download_link":"","player_link":"","audio_player":false,"episode_data":{"playerMode":"dark","subscribeUrls":{"apple_podcasts":{"key":"apple_podcasts","url":"","label":"Apple Podcasts","class":"apple_podcasts","icon":"apple-podcasts.png"},"stitcher":{"key":"stitcher","url":"","label":"Stitcher","class":"stitcher","icon":"stitcher.png"},"google_podcasts":{"key":"google_podcasts","url":"","label":"Google Podcasts","class":"google_podcasts","icon":"google-podcasts.png"},"spotify":{"key":"spotify","url":"","label":"Spotify","class":"spotify","icon":"spotify.png"}},"rssFeedUrl":"https:\/\/www.destrezasyvidaenelmedionatural.es\/feed\/podcast\/poscast","embedCode":"<blockquote class=\"wp-embedded-content\" data-secret=\"qFB3fx5TaD\"><a href=\"https:\/\/www.destrezasyvidaenelmedionatural.es\/index.php\/podcast\/apagon-luz-calma-redundancia\/\">Apag\u00f3n: Luz, Calma, Redundancia<\/a><\/blockquote><iframe sandbox=\"allow-scripts\" security=\"restricted\" src=\"https:\/\/www.destrezasyvidaenelmedionatural.es\/index.php\/podcast\/apagon-luz-calma-redundancia\/embed\/#?secret=qFB3fx5TaD\" width=\"500\" height=\"350\" title=\"\u00abApag\u00f3n: Luz, Calma, Redundancia\u00bb \u2014 Destrezas y Vida en  el Medio Natural\" data-secret=\"qFB3fx5TaD\" frameborder=\"0\" marginwidth=\"0\" marginheight=\"0\" scrolling=\"no\" class=\"wp-embedded-content\"><\/iframe><script>\n\/*! This file is auto-generated *\/\n!function(d,l){\"use strict\";l.querySelector&&d.addEventListener&&\"undefined\"!=typeof URL&&(d.wp=d.wp||{},d.wp.receiveEmbedMessage||(d.wp.receiveEmbedMessage=function(e){var t=e.data;if((t||t.secret||t.message||t.value)&&!\/[^a-zA-Z0-9]\/.test(t.secret)){for(var s,r,n,a=l.querySelectorAll('iframe[data-secret=\"'+t.secret+'\"]'),o=l.querySelectorAll('blockquote[data-secret=\"'+t.secret+'\"]'),c=new RegExp(\"^https?:$\",\"i\"),i=0;i<o.length;i++)o[i].style.display=\"none\";for(i=0;i<a.length;i++)s=a[i],e.source===s.contentWindow&&(s.removeAttribute(\"style\"),\"height\"===t.message?(1e3<(r=parseInt(t.value,10))?r=1e3:~~r<200&&(r=200),s.height=r):\"link\"===t.message&&(r=new URL(s.getAttribute(\"src\")),n=new URL(t.value),c.test(n.protocol))&&n.host===r.host&&l.activeElement===s&&(d.top.location.href=t.value))}},d.addEventListener(\"message\",d.wp.receiveEmbedMessage,!1),l.addEventListener(\"DOMContentLoaded\",function(){for(var e,t,s=l.querySelectorAll(\"iframe.wp-embedded-content\"),r=0;r<s.length;r++)(t=(e=s[r]).getAttribute(\"data-secret\"))||(t=Math.random().toString(36).substring(2,12),e.src+=\"#?secret=\"+t,e.setAttribute(\"data-secret\",t)),e.contentWindow.postMessage({message:\"ready\",secret:t},\"*\")},!1)))}(window,document);\n\/\/# sourceURL=https:\/\/www.destrezasyvidaenelmedionatural.es\/wp-includes\/js\/wp-embed.min.js\n<\/script>\n"},"yoast_head":"<!-- This site is optimized with the Yoast SEO plugin v23.8 - https:\/\/yoast.com\/wordpress\/plugins\/seo\/ -->\n<title>Apag\u00f3n: Luz, Calma, Redundancia - Destrezas y Vida en el Medio Natural<\/title>\n<meta name=\"description\" content=\"\u00bfEl miedo a la oscuridad te paraliza en un apag\u00f3n? En este episodio esencial, te revelamos el secreto para tener luz ininterrumpida y decir adi\u00f3s al p\u00e1nico por bater\u00edas agotadas.\" \/>\n<meta name=\"robots\" content=\"index, follow, max-snippet:-1, max-image-preview:large, max-video-preview:-1\" \/>\n<link rel=\"canonical\" href=\"https:\/\/www.destrezasyvidaenelmedionatural.es\/index.php\/podcast\/apagon-luz-calma-redundancia\/\" \/>\n<meta property=\"og:locale\" content=\"es_ES\" \/>\n<meta property=\"og:type\" content=\"article\" \/>\n<meta property=\"og:title\" content=\"Apag\u00f3n: Luz, Calma, Redundancia - Destrezas y Vida en el Medio Natural\" \/>\n<meta property=\"og:description\" content=\"\u00bfEl miedo a la oscuridad te paraliza en un apag\u00f3n? En este episodio esencial, te revelamos el secreto para tener luz ininterrumpida y decir adi\u00f3s al p\u00e1nico por bater\u00edas agotadas.\" \/>\n<meta property=\"og:url\" content=\"https:\/\/www.destrezasyvidaenelmedionatural.es\/index.php\/podcast\/apagon-luz-calma-redundancia\/\" \/>\n<meta property=\"og:site_name\" content=\"Destrezas y Vida en el Medio Natural\" \/>\n<meta property=\"article:publisher\" content=\"https:\/\/www.facebook.com\/Destrezas.y.Vida.en.el.Medio.Natural\" \/>\n<meta property=\"article:modified_time\" content=\"2025-06-19T07:38:25+00:00\" \/>\n<meta property=\"og:image\" content=\"https:\/\/www.destrezasyvidaenelmedionatural.es\/wp-content\/uploads\/2021\/08\/cropped-SIN-FONDO-PRUEBA1.png\" \/>\n\t<meta property=\"og:image:width\" content=\"351\" \/>\n\t<meta property=\"og:image:height\" content=\"349\" \/>\n\t<meta property=\"og:image:type\" content=\"image\/png\" \/>\n<meta name=\"twitter:card\" content=\"summary_large_image\" \/>\n<meta name=\"twitter:site\" content=\"@DestrezasyVida\" \/>\n<meta name=\"twitter:label1\" content=\"Tiempo de lectura\" \/>\n\t<meta name=\"twitter:data1\" content=\"1 minuto\" \/>\n<script type=\"application\/ld+json\" class=\"yoast-schema-graph\">{\"@context\":\"https:\/\/schema.org\",\"@graph\":[{\"@type\":\"Article\",\"@id\":\"https:\/\/www.destrezasyvidaenelmedionatural.es\/index.php\/podcast\/apagon-luz-calma-redundancia\/#article\",\"isPartOf\":{\"@id\":\"https:\/\/www.destrezasyvidaenelmedionatural.es\/index.php\/podcast\/apagon-luz-calma-redundancia\/\"},\"author\":{\"name\":\"admin\",\"@id\":\"https:\/\/www.destrezasyvidaenelmedionatural.es\/#\/schema\/person\/05ac69635d864d75006df0853eb7afd3\"},\"headline\":\"Apag\u00f3n: Luz, Calma, Redundancia\",\"datePublished\":\"2025-06-19T07:38:24+00:00\",\"dateModified\":\"2025-06-19T07:38:25+00:00\",\"mainEntityOfPage\":{\"@id\":\"https:\/\/www.destrezasyvidaenelmedionatural.es\/index.php\/podcast\/apagon-luz-calma-redundancia\/\"},\"wordCount\":134,\"commentCount\":0,\"publisher\":{\"@id\":\"https:\/\/www.destrezasyvidaenelmedionatural.es\/#\/schema\/person\/05ac69635d864d75006df0853eb7afd3\"},\"keywords\":[\"consejosdesupervivencia\",\"Kit72h\",\"Supervivencia\"],\"inLanguage\":\"es\",\"potentialAction\":[{\"@type\":\"CommentAction\",\"name\":\"Comment\",\"target\":[\"https:\/\/www.destrezasyvidaenelmedionatural.es\/index.php\/podcast\/apagon-luz-calma-redundancia\/#respond\"]}]},{\"@type\":\"WebPage\",\"@id\":\"https:\/\/www.destrezasyvidaenelmedionatural.es\/index.php\/podcast\/apagon-luz-calma-redundancia\/\",\"url\":\"https:\/\/www.destrezasyvidaenelmedionatural.es\/index.php\/podcast\/apagon-luz-calma-redundancia\/\",\"name\":\"Apag\u00f3n: Luz, Calma, Redundancia - Destrezas y Vida en el Medio Natural\",\"isPartOf\":{\"@id\":\"https:\/\/www.destrezasyvidaenelmedionatural.es\/#website\"},\"datePublished\":\"2025-06-19T07:38:24+00:00\",\"dateModified\":\"2025-06-19T07:38:25+00:00\",\"description\":\"\u00bfEl miedo a la oscuridad te paraliza en un apag\u00f3n? En este episodio esencial, te revelamos el secreto para tener luz ininterrumpida y decir adi\u00f3s al p\u00e1nico por bater\u00edas agotadas.\",\"breadcrumb\":{\"@id\":\"https:\/\/www.destrezasyvidaenelmedionatural.es\/index.php\/podcast\/apagon-luz-calma-redundancia\/#breadcrumb\"},\"inLanguage\":\"es\",\"potentialAction\":[{\"@type\":\"ReadAction\",\"target\":[\"https:\/\/www.destrezasyvidaenelmedionatural.es\/index.php\/podcast\/apagon-luz-calma-redundancia\/\"]}]},{\"@type\":\"BreadcrumbList\",\"@id\":\"https:\/\/www.destrezasyvidaenelmedionatural.es\/index.php\/podcast\/apagon-luz-calma-redundancia\/#breadcrumb\",\"itemListElement\":[{\"@type\":\"ListItem\",\"position\":1,\"name\":\"Portada\",\"item\":\"https:\/\/www.destrezasyvidaenelmedionatural.es\/\"},{\"@type\":\"ListItem\",\"position\":2,\"name\":\"Episode\",\"item\":\"https:\/\/www.destrezasyvidaenelmedionatural.es\/index.php\/podcast\/\"},{\"@type\":\"ListItem\",\"position\":3,\"name\":\"Apag\u00f3n: Luz, Calma, Redundancia\"}]},{\"@type\":\"WebSite\",\"@id\":\"https:\/\/www.destrezasyvidaenelmedionatural.es\/#website\",\"url\":\"https:\/\/www.destrezasyvidaenelmedionatural.es\/\",\"name\":\"Destrezas y Vida en el Medio Natural\",\"description\":\"El sitio web Destrezas y Vida en el Medio Natural es un recurso excelente para cualquiera que quiera aprender sobre la naturaleza y c\u00f3mo interactuar con ella de manera segura y respetuosa.\",\"publisher\":{\"@id\":\"https:\/\/www.destrezasyvidaenelmedionatural.es\/#\/schema\/person\/05ac69635d864d75006df0853eb7afd3\"},\"potentialAction\":[{\"@type\":\"SearchAction\",\"target\":{\"@type\":\"EntryPoint\",\"urlTemplate\":\"https:\/\/www.destrezasyvidaenelmedionatural.es\/?s={search_term_string}\"},\"query-input\":{\"@type\":\"PropertyValueSpecification\",\"valueRequired\":true,\"valueName\":\"search_term_string\"}}],\"inLanguage\":\"es\"},{\"@type\":[\"Person\",\"Organization\"],\"@id\":\"https:\/\/www.destrezasyvidaenelmedionatural.es\/#\/schema\/person\/05ac69635d864d75006df0853eb7afd3\",\"name\":\"admin\",\"image\":{\"@type\":\"ImageObject\",\"inLanguage\":\"es\",\"@id\":\"https:\/\/www.destrezasyvidaenelmedionatural.es\/#\/schema\/person\/image\/\",\"url\":\"https:\/\/www.destrezasyvidaenelmedionatural.es\/wp-content\/uploads\/2021\/08\/cropped-SIN-FONDO-PRUEBA1.png\",\"contentUrl\":\"https:\/\/www.destrezasyvidaenelmedionatural.es\/wp-content\/uploads\/2021\/08\/cropped-SIN-FONDO-PRUEBA1.png\",\"width\":351,\"height\":349,\"caption\":\"admin\"},\"logo\":{\"@id\":\"https:\/\/www.destrezasyvidaenelmedionatural.es\/#\/schema\/person\/image\/\"},\"sameAs\":[\"http:\/\/www.destrezasyvidaenelmedionatural.es\",\"https:\/\/www.facebook.com\/Destrezas.y.Vida.en.el.Medio.Natural\",\"https:\/\/www.instagram.com\/destrezasyvidamn\/\"],\"url\":\"https:\/\/www.destrezasyvidaenelmedionatural.es\/index.php\/author\/admin\/\"}]}<\/script>\n<!-- \/ Yoast SEO plugin. -->","yoast_head_json":{"title":"Apag\u00f3n: Luz, Calma, Redundancia - Destrezas y Vida en el Medio Natural","description":"\u00bfEl miedo a la oscuridad te paraliza en un apag\u00f3n? En este episodio esencial, te revelamos el secreto para tener luz ininterrumpida y decir adi\u00f3s al p\u00e1nico por bater\u00edas agotadas.","robots":{"index":"index","follow":"follow","max-snippet":"max-snippet:-1","max-image-preview":"max-image-preview:large","max-video-preview":"max-video-preview:-1"},"canonical":"https:\/\/www.destrezasyvidaenelmedionatural.es\/index.php\/podcast\/apagon-luz-calma-redundancia\/","og_locale":"es_ES","og_type":"article","og_title":"Apag\u00f3n: Luz, Calma, Redundancia - Destrezas y Vida en el Medio Natural","og_description":"\u00bfEl miedo a la oscuridad te paraliza en un apag\u00f3n? En este episodio esencial, te revelamos el secreto para tener luz ininterrumpida y decir adi\u00f3s al p\u00e1nico por bater\u00edas agotadas.","og_url":"https:\/\/www.destrezasyvidaenelmedionatural.es\/index.php\/podcast\/apagon-luz-calma-redundancia\/","og_site_name":"Destrezas y Vida en el Medio Natural","article_publisher":"https:\/\/www.facebook.com\/Destrezas.y.Vida.en.el.Medio.Natural","article_modified_time":"2025-06-19T07:38:25+00:00","og_image":[{"width":351,"height":349,"url":"https:\/\/www.destrezasyvidaenelmedionatural.es\/wp-content\/uploads\/2021\/08\/cropped-SIN-FONDO-PRUEBA1.png","type":"image\/png"}],"twitter_card":"summary_large_image","twitter_site":"@DestrezasyVida","twitter_misc":{"Tiempo de lectura":"1 minuto"},"schema":{"@context":"https:\/\/schema.org","@graph":[{"@type":"Article","@id":"https:\/\/www.destrezasyvidaenelmedionatural.es\/index.php\/podcast\/apagon-luz-calma-redundancia\/#article","isPartOf":{"@id":"https:\/\/www.destrezasyvidaenelmedionatural.es\/index.php\/podcast\/apagon-luz-calma-redundancia\/"},"author":{"name":"admin","@id":"https:\/\/www.destrezasyvidaenelmedionatural.es\/#\/schema\/person\/05ac69635d864d75006df0853eb7afd3"},"headline":"Apag\u00f3n: Luz, Calma, Redundancia","datePublished":"2025-06-19T07:38:24+00:00","dateModified":"2025-06-19T07:38:25+00:00","mainEntityOfPage":{"@id":"https:\/\/www.destrezasyvidaenelmedionatural.es\/index.php\/podcast\/apagon-luz-calma-redundancia\/"},"wordCount":134,"commentCount":0,"publisher":{"@id":"https:\/\/www.destrezasyvidaenelmedionatural.es\/#\/schema\/person\/05ac69635d864d75006df0853eb7afd3"},"keywords":["consejosdesupervivencia","Kit72h","Supervivencia"],"inLanguage":"es","potentialAction":[{"@type":"CommentAction","name":"Comment","target":["https:\/\/www.destrezasyvidaenelmedionatural.es\/index.php\/podcast\/apagon-luz-calma-redundancia\/#respond"]}]},{"@type":"WebPage","@id":"https:\/\/www.destrezasyvidaenelmedionatural.es\/index.php\/podcast\/apagon-luz-calma-redundancia\/","url":"https:\/\/www.destrezasyvidaenelmedionatural.es\/index.php\/podcast\/apagon-luz-calma-redundancia\/","name":"Apag\u00f3n: Luz, Calma, Redundancia - Destrezas y Vida en el Medio Natural","isPartOf":{"@id":"https:\/\/www.destrezasyvidaenelmedionatural.es\/#website"},"datePublished":"2025-06-19T07:38:24+00:00","dateModified":"2025-06-19T07:38:25+00:00","description":"\u00bfEl miedo a la oscuridad te paraliza en un apag\u00f3n? En este episodio esencial, te revelamos el secreto para tener luz ininterrumpida y decir adi\u00f3s al p\u00e1nico por bater\u00edas agotadas.","breadcrumb":{"@id":"https:\/\/www.destrezasyvidaenelmedionatural.es\/index.php\/podcast\/apagon-luz-calma-redundancia\/#breadcrumb"},"inLanguage":"es","potentialAction":[{"@type":"ReadAction","target":["https:\/\/www.destrezasyvidaenelmedionatural.es\/index.php\/podcast\/apagon-luz-calma-redundancia\/"]}]},{"@type":"BreadcrumbList","@id":"https:\/\/www.destrezasyvidaenelmedionatural.es\/index.php\/podcast\/apagon-luz-calma-redundancia\/#breadcrumb","itemListElement":[{"@type":"ListItem","position":1,"name":"Portada","item":"https:\/\/www.destrezasyvidaenelmedionatural.es\/"},{"@type":"ListItem","position":2,"name":"Episode","item":"https:\/\/www.destrezasyvidaenelmedionatural.es\/index.php\/podcast\/"},{"@type":"ListItem","position":3,"name":"Apag\u00f3n: Luz, Calma, Redundancia"}]},{"@type":"WebSite","@id":"https:\/\/www.destrezasyvidaenelmedionatural.es\/#website","url":"https:\/\/www.destrezasyvidaenelmedionatural.es\/","name":"Destrezas y Vida en el Medio Natural","description":"El sitio web Destrezas y Vida en el Medio Natural es un recurso excelente para cualquiera que quiera aprender sobre la naturaleza y c\u00f3mo interactuar con ella de manera segura y respetuosa.","publisher":{"@id":"https:\/\/www.destrezasyvidaenelmedionatural.es\/#\/schema\/person\/05ac69635d864d75006df0853eb7afd3"},"potentialAction":[{"@type":"SearchAction","target":{"@type":"EntryPoint","urlTemplate":"https:\/\/www.destrezasyvidaenelmedionatural.es\/?s={search_term_string}"},"query-input":{"@type":"PropertyValueSpecification","valueRequired":true,"valueName":"search_term_string"}}],"inLanguage":"es"},{"@type":["Person","Organization"],"@id":"https:\/\/www.destrezasyvidaenelmedionatural.es\/#\/schema\/person\/05ac69635d864d75006df0853eb7afd3","name":"admin","image":{"@type":"ImageObject","inLanguage":"es","@id":"https:\/\/www.destrezasyvidaenelmedionatural.es\/#\/schema\/person\/image\/","url":"https:\/\/www.destrezasyvidaenelmedionatural.es\/wp-content\/uploads\/2021\/08\/cropped-SIN-FONDO-PRUEBA1.png","contentUrl":"https:\/\/www.destrezasyvidaenelmedionatural.es\/wp-content\/uploads\/2021\/08\/cropped-SIN-FONDO-PRUEBA1.png","width":351,"height":349,"caption":"admin"},"logo":{"@id":"https:\/\/www.destrezasyvidaenelmedionatural.es\/#\/schema\/person\/image\/"},"sameAs":["http:\/\/www.destrezasyvidaenelmedionatural.es","https:\/\/www.facebook.com\/Destrezas.y.Vida.en.el.Medio.Natural","https:\/\/www.instagram.com\/destrezasyvidamn\/"],"url":"https:\/\/www.destrezasyvidaenelmedionatural.es\/index.php\/author\/admin\/"}]}},"_links":{"self":[{"href":"https:\/\/www.destrezasyvidaenelmedionatural.es\/index.php\/wp-json\/wp\/v2\/podcast\/3671","targetHints":{"allow":["GET"]}}],"collection":[{"href":"https:\/\/www.destrezasyvidaenelmedionatural.es\/index.php\/wp-json\/wp\/v2\/podcast"}],"about":[{"href":"https:\/\/www.destrezasyvidaenelmedionatural.es\/index.php\/wp-json\/wp\/v2\/types\/podcast"}],"author":[{"embeddable":true,"href":"https:\/\/www.destrezasyvidaenelmedionatural.es\/index.php\/wp-json\/wp\/v2\/users\/1"}],"replies":[{"embeddable":true,"href":"https:\/\/www.destrezasyvidaenelmedionatural.es\/index.php\/wp-json\/wp\/v2\/comments?post=3671"}],"wp:attachment":[{"href":"https:\/\/www.destrezasyvidaenelmedionatural.es\/index.php\/wp-json\/wp\/v2\/media?parent=3671"}],"wp:term":[{"taxonomy":"post_tag","embeddable":true,"href":"https:\/\/www.destrezasyvidaenelmedionatural.es\/index.php\/wp-json\/wp\/v2\/tags?post=3671"},{"taxonomy":"series","embeddable":true,"href":"https:\/\/www.destrezasyvidaenelmedionatural.es\/index.php\/wp-json\/wp\/v2\/series?post=3671"}],"curies":[{"name":"wp","href":"https:\/\/api.w.org\/{rel}","templated":true}]}}